{"id":4291,"date":"2023-07-10T12:16:55","date_gmt":"2023-07-10T12:16:55","guid":{"rendered":"https:\/\/pilarhomes.es\/?page_id=4291"},"modified":"2023-09-08T07:19:58","modified_gmt":"2023-09-08T07:19:58","slug":"alquiler-pisos-vacacional-en-costa-del-sol","status":"publish","type":"page","link":"https:\/\/pilarhomes.es\/es\/alquiler-pisos-vacacional-en-costa-del-sol\/","title":{"rendered":"Alquiler pisos vacacional en costa del sol"},"content":{"rendered":"\t\t<div data-elementor-type=\"wp-page\" data-elementor-id=\"4291\" class=\"elementor elementor-4291\">\n\t\t\t\t\t\t<section class=\"elementor-section elementor-top-section elementor-element elementor-element-584ee772 elementor-section-boxed elementor-section-height-default elementor-section-height-default elementor-invisible\" data-id=\"584ee772\" data-element_type=\"section\" data-e-type=\"section\" data-settings=\"{&quot;animation&quot;:&quot;fadeIn&quot;}\">\n\t\t\t\t\t\t<div class=\"elementor-container elementor-column-gap-default\">\n\t\t\t\t\t<div class=\"elementor-column elementor-col-100 elementor-top-column elementor-element elementor-element-e4759f4\" data-id=\"e4759f4\" data-element_type=\"column\" data-e-type=\"column\">\n\t\t\t<div class=\"elementor-widget-wrap elementor-element-populated\">\n\t\t\t\t\t\t<div class=\"elementor-element elementor-element-33496058 elementor-widget elementor-widget-houzez_elementor_space\" data-id=\"33496058\" data-element_type=\"widget\" data-e-type=\"widget\" data-widget_type=\"houzez_elementor_space.default\">\n\t\t\t\t<div class=\"elementor-widget-container\">\n\t\t\t\t\t        <div class=\"houzez-spacer\">\n            <div class=\"houzez-spacer-inner\"><\/div>\n        <\/div>\n        \t\t\t\t<\/div>\n\t\t\t\t<\/div>\n\t\t\t\t<div class=\"elementor-element elementor-element-5b513d27 elementor-widget elementor-widget-heading\" data-id=\"5b513d27\" data-element_type=\"widget\" data-e-type=\"widget\" data-widget_type=\"heading.default\">\n\t\t\t\t<div class=\"elementor-widget-container\">\n\t\t\t\t\t<h1 class=\"elementor-heading-title elementor-size-large\">Vive la Experiencia de tus Sue\u00f1os con un Alquiler de Pisos Vacacional en Costa del Sol<\/h1>\t\t\t\t<\/div>\n\t\t\t\t<\/div>\n\t\t\t\t<div class=\"elementor-element elementor-element-18ac70f2 elementor-widget elementor-widget-heading\" data-id=\"18ac70f2\" data-element_type=\"widget\" data-e-type=\"widget\" data-widget_type=\"heading.default\">\n\t\t\t\t<div class=\"elementor-widget-container\">\n\t\t\t\t\t<p class=\"elementor-heading-title elementor-size-medium\">Exclusiva colecci\u00f3n de alquileres de pisos vacacionales en la deslumbrante Costa del Sol, donde podr\u00e1s vivir una experiencia \u00fanica.<\/p>\t\t\t\t<\/div>\n\t\t\t\t<\/div>\n\t\t\t\t\t<\/div>\n\t\t<\/div>\n\t\t\t\t\t<\/div>\n\t\t<\/section>\n\t\t\t\t<section class=\"elementor-section elementor-top-section elementor-element elementor-element-3ab9600a elementor-section-boxed elementor-section-height-default elementor-section-height-default\" data-id=\"3ab9600a\" data-element_type=\"section\" data-e-type=\"section\">\n\t\t\t\t\t\t<div class=\"elementor-container elementor-column-gap-default\">\n\t\t\t\t\t<div class=\"elementor-column elementor-col-100 elementor-top-column elementor-element elementor-element-7c61f13a\" data-id=\"7c61f13a\" data-element_type=\"column\" data-e-type=\"column\">\n\t\t\t<div class=\"elementor-widget-wrap elementor-element-populated\">\n\t\t\t\t\t\t<div class=\"elementor-element elementor-element-447ff90d elementor-widget elementor-widget-spacer\" data-id=\"447ff90d\" data-element_type=\"widget\" data-e-type=\"widget\" data-widget_type=\"spacer.default\">\n\t\t\t\t<div class=\"elementor-widget-container\">\n\t\t\t\t\t\t\t<div class=\"elementor-spacer\">\n\t\t\t<div class=\"elementor-spacer-inner\"><\/div>\n\t\t<\/div>\n\t\t\t\t\t\t<\/div>\n\t\t\t\t<\/div>\n\t\t\t\t\t<\/div>\n\t\t<\/div>\n\t\t\t\t\t<\/div>\n\t\t<\/section>\n\t\t\t\t<section class=\"elementor-section elementor-top-section elementor-element elementor-element-2ca0693f elementor-section-boxed elementor-section-height-default elementor-section-height-default\" data-id=\"2ca0693f\" data-element_type=\"section\" data-e-type=\"section\">\n\t\t\t\t\t\t<div class=\"elementor-container elementor-column-gap-default\">\n\t\t\t\t\t<div class=\"elementor-column elementor-col-100 elementor-top-column elementor-element elementor-element-75544f12\" data-id=\"75544f12\" data-element_type=\"column\" data-e-type=\"column\">\n\t\t\t<div class=\"elementor-widget-wrap\">\n\t\t\t\t\t\t\t<\/div>\n\t\t<\/div>\n\t\t\t\t\t<\/div>\n\t\t<\/section>\n\t\t\t\t<section class=\"elementor-section elementor-top-section elementor-element elementor-element-37bd419 elementor-section-boxed elementor-section-height-default elementor-section-height-default elementor-invisible\" data-id=\"37bd419\" data-element_type=\"section\" data-e-type=\"section\" data-settings=\"{&quot;animation&quot;:&quot;fadeIn&quot;}\">\n\t\t\t\t\t\t<div class=\"elementor-container elementor-column-gap-default\">\n\t\t\t\t\t<div class=\"elementor-column elementor-col-100 elementor-top-column elementor-element elementor-element-3affa44b\" data-id=\"3affa44b\" data-element_type=\"column\" data-e-type=\"column\">\n\t\t\t<div class=\"elementor-widget-wrap elementor-element-populated\">\n\t\t\t\t\t\t<div class=\"elementor-element elementor-element-3103aa71 elementor-widget elementor-widget-heading\" data-id=\"3103aa71\" data-element_type=\"widget\" data-e-type=\"widget\" data-widget_type=\"heading.default\">\n\t\t\t\t<div class=\"elementor-widget-container\">\n\t\t\t\t\t<h2 class=\"elementor-heading-title elementor-size-medium\">Lujo y Confort sin L\u00edmites: Nuestros Alquileres de Pisos en la Paradis\u00edaca Costa del Sol\n\n<\/h2>\t\t\t\t<\/div>\n\t\t\t\t<\/div>\n\t\t\t\t<div class=\"elementor-element elementor-element-11e7dd7 elementor-widget elementor-widget-text-editor\" data-id=\"11e7dd7\" data-element_type=\"widget\" data-e-type=\"widget\" data-widget_type=\"text-editor.default\">\n\t\t\t\t<div class=\"elementor-widget-container\">\n\t\t\t\t\t\t\t\t\t<p>\u00bfEst\u00e1s buscando un <strong>alquiler de pisos vacacional en Costa del Sol<\/strong>? Cada uno de nuestros pisos en la Costa del Sol ha sido cuidadosamente seleccionado para ofrecerte un alojamiento de lujo y comodidad excepcionales. Desde apartamentos modernos hasta elegantes villas con piscina, nuestras propiedades son el escenario perfecto para unas vacaciones inolvidables.<\/p><p>En Pilar Homes, entendemos que la ubicaci\u00f3n es clave para que tus vacaciones sean perfectas. Nuestros alquileres de pisos vacacionales se encuentran en enclaves privilegiados de la Costa del Sol, como Marbella, M\u00e1laga y Benalm\u00e1dena. Disfruta de las hermosas playas, los campos de golf de clase mundial y la vibrante vida nocturna, todo a pocos pasos de tu alojamiento.<\/p><p>Al elegir uno de nuestros alquileres de pisos vacacionales en la Costa del Sol, te sumergir\u00e1s en un mundo de experiencias inolvidables. Disfruta de d\u00edas soleados en la playa, explora pintorescos pueblos blancos, saborea la deliciosa gastronom\u00eda local y descubre la rica cultura de la regi\u00f3n. La Costa del Sol tiene algo para todos los gustos.<\/p>\t\t\t\t\t\t\t\t<\/div>\n\t\t\t\t<\/div>\n\t\t\t\t<div class=\"elementor-element elementor-element-57e92dd8 elementor-widget elementor-widget-houzez_elementor_property-card-v6\" data-id=\"57e92dd8\" data-element_type=\"widget\" data-e-type=\"widget\" data-widget_type=\"houzez_elementor_property-card-v6.default\">\n\t\t\t\t<div class=\"elementor-widget-container\">\n\t\t\t\t\t\t\t\r\n\t\t<div id=\"properties_module_section\" class=\"property-cards-module property-cards-module-v1 property-cards-module-3-cols\">\r\n\t\t\t<div id=\"module_properties\" class=\"listing-view grid-view card-deck grid-view-3-cols\">\r\n\t\t\t\t<div class=\"item-listing-wrap hz-item-gallery-js item-listing-wrap-v6 card\" data-hz-id=\"hz-5935\" data-images=\"[&quot;https:\\\/\\\/pilarhomes.es\\\/wp-content\\\/uploads\\\/2026\\\/04\\\/260331-HIGUERON-9-584x438.jpg&quot;,&quot;https:\\\/\\\/pilarhomes.es\\\/wp-content\\\/uploads\\\/2026\\\/04\\\/260331-HIGUERON-21-584x438.jpg&quot;,&quot;https:\\\/\\\/pilarhomes.es\\\/wp-content\\\/uploads\\\/2026\\\/04\\\/260331-HIGUERON-16-584x438.jpg&quot;,&quot;https:\\\/\\\/pilarhomes.es\\\/wp-content\\\/uploads\\\/2026\\\/04\\\/260331-HIGUERON-17-584x438.jpg&quot;,&quot;https:\\\/\\\/pilarhomes.es\\\/wp-content\\\/uploads\\\/2026\\\/04\\\/260331-HIGUERON-12-584x438.jpg&quot;,&quot;https:\\\/\\\/pilarhomes.es\\\/wp-content\\\/uploads\\\/2026\\\/04\\\/260331-HIGUERON-14-584x438.jpg&quot;,&quot;https:\\\/\\\/pilarhomes.es\\\/wp-content\\\/uploads\\\/2026\\\/04\\\/260331-HIGUERON-1-584x438.jpg&quot;,&quot;https:\\\/\\\/pilarhomes.es\\\/wp-content\\\/uploads\\\/2026\\\/04\\\/260331-HIGUERON-4-584x438.jpg&quot;,&quot;https:\\\/\\\/pilarhomes.es\\\/wp-content\\\/uploads\\\/2026\\\/04\\\/260331-HIGUERON-8-584x438.jpg&quot;,&quot;https:\\\/\\\/pilarhomes.es\\\/wp-content\\\/uploads\\\/2026\\\/04\\\/260331-HIGUERON-5-584x438.jpg&quot;,&quot;https:\\\/\\\/pilarhomes.es\\\/wp-content\\\/uploads\\\/2026\\\/04\\\/260331-HIGUERON-6-584x438.jpg&quot;]\">\n\t<div class=\"item-wrap item-wrap-v6 h-100\">\n\t\t<div class=\"d-flex align-items-center h-100\">\n\t\t\t<div class=\"item-header\">\n\t\t\t\t<span class=\"label-featured label\">Featured<\/span>\n\t\t\t\t<div class=\"labels-wrap labels-right\"> \n\n\t<a href=\"https:\/\/pilarhomes.es\/es\/status\/para-alquilar\/\" class=\"label-status label status-color-86\">\n\t\t\t\t\tFor rent\n\t\t\t\t<\/a><a href=\"https:\/\/pilarhomes.es\/es\/status\/luxury-rental\/\" class=\"label-status label status-color-342\">\n\t\t\t\t\tLuxury rental\n\t\t\t\t<\/a><a href=\"https:\/\/pilarhomes.es\/es\/label\/new-listing\/\" class=\"hz-label label label-color-279\">\n\t\t\t\t\tNew listing\n\t\t\t\t<\/a>       \n\n<\/div>\n\n\t\t\t\t<div class=\"listing-image-wrap\">\n\t\t\t\t\t<div class=\"listing-thumb\">\n\t\t\t\t\t\t<a class=\"listing-featured-thumb\" href=\"https:\/\/pilarhomes.es\/es\/property\/an-unforgettable-summer-escape-by-the-sea\/\">\n\t\t\t\t\t\t<img fetchpriority=\"high\" decoding=\"async\" width=\"584\" height=\"438\" src=\"https:\/\/pilarhomes.es\/wp-content\/uploads\/2026\/04\/260331-HIGUERON-9-584x438.jpg\" class=\"img-fluid wp-post-image\" alt=\"\" srcset=\"https:\/\/pilarhomes.es\/wp-content\/uploads\/2026\/04\/260331-HIGUERON-9-584x438.jpg 584w, https:\/\/pilarhomes.es\/wp-content\/uploads\/2026\/04\/260331-HIGUERON-9-592x444.jpg 592w, https:\/\/pilarhomes.es\/wp-content\/uploads\/2026\/04\/260331-HIGUERON-9-120x90.jpg 120w\" sizes=\"(max-width: 584px) 100vw, 584px\" \/>\t\t\t\t\t\t<\/a>\n\t\t\t\t\t<\/div>\n\t\t\t\t<\/div>\n\n\t\t\t\t<ul class=\"item-tools\">\n\n        <li class=\"item-tool item-preview\">\n        <span class=\"hz-show-lightbox-js\" data-listid=\"5935\" data-toggle=\"tooltip\" data-placement=\"top\" title=\"Preview\">\n                <i class=\"houzez-icon icon-expand-3\"><\/i>   \n        <\/span><!-- item-tool-favorite -->\n    <\/li><!-- item-tool -->\n        \n        <li class=\"item-tool item-favorite\">\n        <span class=\"add-favorite-js item-tool-favorite\" data-toggle=\"tooltip\" data-placement=\"top\" title=\"Favourite\" data-listid=\"5935\">\n            <i class=\"houzez-icon icon-love-it \"><\/i> \n        <\/span><!-- item-tool-favorite -->\n    <\/li><!-- item-tool -->\n    \n        <li class=\"item-tool item-compare\">\n        <span class=\"houzez_compare compare-5935 item-tool-compare show-compare-panel\" data-toggle=\"tooltip\" data-placement=\"top\" title=\"Add to Compare\" data-listing_id=\"5935\" data-listing_image=\"https:\/\/pilarhomes.es\/wp-content\/uploads\/2026\/04\/260331-HIGUERON-9-592x444.jpg\">\n            <i class=\"houzez-icon icon-add-circle\"><\/i>\n        <\/span><!-- item-tool-compare -->\n    <\/li><!-- item-tool -->\n    <\/ul><!-- item-tools -->\n\t\t\t\t<div class=\"preview_loader\"><\/div>\n\t\t\t<\/div><!-- item-header -->\t\n\t\t\t<div class=\"item-body flex-grow-1\">\n\t\t\t\t<h2 class=\"item-title\">\n\t<a href=\"https:\/\/pilarhomes.es\/es\/property\/an-unforgettable-summer-escape-by-the-sea\/\">An unforgettable summer escape by the sea<\/a>\n<\/h2><!-- item-title -->\n\t\t\t\t<div class=\"d-flex justify-content-between align-items-center amenities-price-wrap\">\n\t\t\t\t\t<ul class=\"item-price-wrap\">\n\t\t\t\t\t\t<li class=\"item-price\"><span class=\"price-prefix\">from<\/span> \u20ac2,690\/weekly<\/li>\n\t\t\t\t\t<\/ul>\n\t\t\t\t\t<ul class=\"item-amenities item-amenities-with-icons\">\n\t<li class=\"h-beds\"><i class=\"houzez-icon icon-hotel-double-bed-1 mr-1\"><\/i><span class=\"item-amenities-text\">Beds:<\/span> <span class=\"hz-figure\">2<\/span><\/li><li class=\"h-baths\"><i class=\"houzez-icon icon-bathroom-shower-1 mr-1\"><\/i><span class=\"item-amenities-text\">Baths:<\/span> <span class=\"hz-figure\">2<\/span><\/li><\/ul>\t\t\t\t<\/div><!-- d-flex -->\n\t\t\t<\/div><!-- item-body -->\n\t\t<\/div><!-- d-flex -->\n\t<\/div><!-- item-wrap -->\n<\/div><!-- item-listing-wrap --><div class=\"item-listing-wrap hz-item-gallery-js item-listing-wrap-v6 card\" data-hz-id=\"hz-5851\" data-images=\"[&quot;https:\\\/\\\/pilarhomes.es\\\/wp-content\\\/uploads\\\/2026\\\/03\\\/PHOTO-2025-11-06-19-14-42_2-1-584x438.jpg&quot;,&quot;https:\\\/\\\/pilarhomes.es\\\/wp-content\\\/uploads\\\/2026\\\/03\\\/PHOTO-2025-11-06-19-14-44_2-584x438.jpg&quot;,&quot;https:\\\/\\\/pilarhomes.es\\\/wp-content\\\/uploads\\\/2026\\\/03\\\/PHOTO-2025-11-06-19-14-44_1-584x438.jpg&quot;,&quot;https:\\\/\\\/pilarhomes.es\\\/wp-content\\\/uploads\\\/2026\\\/03\\\/PHOTO-2025-11-06-19-14-43_1-584x438.jpg&quot;,&quot;https:\\\/\\\/pilarhomes.es\\\/wp-content\\\/uploads\\\/2026\\\/03\\\/PHOTO-2025-11-06-19-14-43_2-584x438.jpg&quot;,&quot;https:\\\/\\\/pilarhomes.es\\\/wp-content\\\/uploads\\\/2026\\\/03\\\/PHOTO-2025-11-06-19-14-48_2-584x438.jpg&quot;,&quot;https:\\\/\\\/pilarhomes.es\\\/wp-content\\\/uploads\\\/2026\\\/03\\\/PHOTO-2025-11-06-19-14-46_3-584x438.jpg&quot;,&quot;https:\\\/\\\/pilarhomes.es\\\/wp-content\\\/uploads\\\/2026\\\/03\\\/PHOTO-2025-11-06-19-14-45-584x438.jpg&quot;,&quot;https:\\\/\\\/pilarhomes.es\\\/wp-content\\\/uploads\\\/2026\\\/03\\\/PHOTO-2025-11-06-19-14-46_1-584x438.jpg&quot;,&quot;https:\\\/\\\/pilarhomes.es\\\/wp-content\\\/uploads\\\/2026\\\/03\\\/PHOTO-2025-11-06-19-14-47_1-584x438.jpg&quot;]\">\n\t<div class=\"item-wrap item-wrap-v6 h-100\">\n\t\t<div class=\"d-flex align-items-center h-100\">\n\t\t\t<div class=\"item-header\">\n\t\t\t\t<span class=\"label-featured label\">Featured<\/span>\n\t\t\t\t<div class=\"labels-wrap labels-right\"> \n\n\t<a href=\"https:\/\/pilarhomes.es\/es\/status\/para-alquilar\/\" class=\"label-status label status-color-86\">\n\t\t\t\t\tFor rent\n\t\t\t\t<\/a><a href=\"https:\/\/pilarhomes.es\/es\/status\/holiday-rent\/\" class=\"label-status label status-color-139\">\n\t\t\t\t\tHoliday rent\n\t\t\t\t<\/a><a href=\"https:\/\/pilarhomes.es\/es\/label\/new-listing\/\" class=\"hz-label label label-color-279\">\n\t\t\t\t\tNew listing\n\t\t\t\t<\/a>       \n\n<\/div>\n\n\t\t\t\t<div class=\"listing-image-wrap\">\n\t\t\t\t\t<div class=\"listing-thumb\">\n\t\t\t\t\t\t<a class=\"listing-featured-thumb\" href=\"https:\/\/pilarhomes.es\/es\/property\/your-beachfront-escape-in-fuengirola\/\">\n\t\t\t\t\t\t<img decoding=\"async\" width=\"584\" height=\"438\" src=\"https:\/\/pilarhomes.es\/wp-content\/uploads\/2026\/03\/PHOTO-2025-11-06-19-14-42_2-1-584x438.jpg\" class=\"img-fluid wp-post-image\" alt=\"\" srcset=\"https:\/\/pilarhomes.es\/wp-content\/uploads\/2026\/03\/PHOTO-2025-11-06-19-14-42_2-1-584x438.jpg 584w, https:\/\/pilarhomes.es\/wp-content\/uploads\/2026\/03\/PHOTO-2025-11-06-19-14-42_2-1-592x444.jpg 592w, https:\/\/pilarhomes.es\/wp-content\/uploads\/2026\/03\/PHOTO-2025-11-06-19-14-42_2-1-120x90.jpg 120w\" sizes=\"(max-width: 584px) 100vw, 584px\" \/>\t\t\t\t\t\t<\/a>\n\t\t\t\t\t<\/div>\n\t\t\t\t<\/div>\n\n\t\t\t\t<ul class=\"item-tools\">\n\n        <li class=\"item-tool item-preview\">\n        <span class=\"hz-show-lightbox-js\" data-listid=\"5851\" data-toggle=\"tooltip\" data-placement=\"top\" title=\"Preview\">\n                <i class=\"houzez-icon icon-expand-3\"><\/i>   \n        <\/span><!-- item-tool-favorite -->\n    <\/li><!-- item-tool -->\n        \n        <li class=\"item-tool item-favorite\">\n        <span class=\"add-favorite-js item-tool-favorite\" data-toggle=\"tooltip\" data-placement=\"top\" title=\"Favourite\" data-listid=\"5851\">\n            <i class=\"houzez-icon icon-love-it \"><\/i> \n        <\/span><!-- item-tool-favorite -->\n    <\/li><!-- item-tool -->\n    \n        <li class=\"item-tool item-compare\">\n        <span class=\"houzez_compare compare-5851 item-tool-compare show-compare-panel\" data-toggle=\"tooltip\" data-placement=\"top\" title=\"Add to Compare\" data-listing_id=\"5851\" data-listing_image=\"https:\/\/pilarhomes.es\/wp-content\/uploads\/2026\/03\/PHOTO-2025-11-06-19-14-42_2-1-592x444.jpg\">\n            <i class=\"houzez-icon icon-add-circle\"><\/i>\n        <\/span><!-- item-tool-compare -->\n    <\/li><!-- item-tool -->\n    <\/ul><!-- item-tools -->\n\t\t\t\t<div class=\"preview_loader\"><\/div>\n\t\t\t<\/div><!-- item-header -->\t\n\t\t\t<div class=\"item-body flex-grow-1\">\n\t\t\t\t<h2 class=\"item-title\">\n\t<a href=\"https:\/\/pilarhomes.es\/es\/property\/your-beachfront-escape-in-fuengirola\/\">Your beachfront escape in Fuengirola<\/a>\n<\/h2><!-- item-title -->\n\t\t\t\t<div class=\"d-flex justify-content-between align-items-center amenities-price-wrap\">\n\t\t\t\t\t<ul class=\"item-price-wrap\">\n\t\t\t\t\t\t<li class=\"item-price\"><span class=\"price-prefix\">from<\/span> \u20ac1,150\/a week<\/li>\n\t\t\t\t\t<\/ul>\n\t\t\t\t\t<ul class=\"item-amenities item-amenities-with-icons\">\n\t<li class=\"h-beds\"><i class=\"houzez-icon icon-hotel-double-bed-1 mr-1\"><\/i><span class=\"item-amenities-text\">Beds:<\/span> <span class=\"hz-figure\">2<\/span><\/li><li class=\"h-baths\"><i class=\"houzez-icon icon-bathroom-shower-1 mr-1\"><\/i><span class=\"item-amenities-text\">Baths:<\/span> <span class=\"hz-figure\">2<\/span><\/li><\/ul>\t\t\t\t<\/div><!-- d-flex -->\n\t\t\t<\/div><!-- item-body -->\n\t\t<\/div><!-- d-flex -->\n\t<\/div><!-- item-wrap -->\n<\/div><!-- item-listing-wrap --><div class=\"item-listing-wrap hz-item-gallery-js item-listing-wrap-v6 card\" data-hz-id=\"hz-5607\" data-images=\"[&quot;https:\\\/\\\/pilarhomes.es\\\/wp-content\\\/uploads\\\/2025\\\/09\\\/MIJAS__26_08_2025-13-584x438.jpg&quot;,&quot;https:\\\/\\\/pilarhomes.es\\\/wp-content\\\/uploads\\\/2025\\\/09\\\/MIJAS__26_08_2025-1-584x438.jpg&quot;,&quot;https:\\\/\\\/pilarhomes.es\\\/wp-content\\\/uploads\\\/2025\\\/09\\\/Living-2-584x438.jpg&quot;,&quot;https:\\\/\\\/pilarhomes.es\\\/wp-content\\\/uploads\\\/2025\\\/09\\\/Master-Bedroom-6-584x438.jpg&quot;,&quot;https:\\\/\\\/pilarhomes.es\\\/wp-content\\\/uploads\\\/2025\\\/09\\\/Living-2-584x438.png&quot;,&quot;https:\\\/\\\/pilarhomes.es\\\/wp-content\\\/uploads\\\/2025\\\/09\\\/Bedroom-6-584x438.png&quot;,&quot;https:\\\/\\\/pilarhomes.es\\\/wp-content\\\/uploads\\\/2025\\\/09\\\/Game-Room-2-584x438.jpg&quot;,&quot;https:\\\/\\\/pilarhomes.es\\\/wp-content\\\/uploads\\\/2025\\\/09\\\/Living-2-1-584x438.jpg&quot;,&quot;https:\\\/\\\/pilarhomes.es\\\/wp-content\\\/uploads\\\/2025\\\/09\\\/Master-Bathroom-3-584x438.jpg&quot;,&quot;https:\\\/\\\/pilarhomes.es\\\/wp-content\\\/uploads\\\/2025\\\/09\\\/MIJAS__26_08_2025-2-584x438.jpg&quot;]\">\n\t<div class=\"item-wrap item-wrap-v6 h-100\">\n\t\t<div class=\"d-flex align-items-center h-100\">\n\t\t\t<div class=\"item-header\">\n\t\t\t\t<span class=\"label-featured label\">Featured<\/span>\n\t\t\t\t<div class=\"labels-wrap labels-right\"> \n\n\t<a href=\"https:\/\/pilarhomes.es\/es\/status\/new-development\/\" class=\"label-status label status-color-41\">\n\t\t\t\t\tNew Development\n\t\t\t\t<\/a><a href=\"https:\/\/pilarhomes.es\/es\/label\/building-license-granted\/\" class=\"hz-label label label-color-271\">\n\t\t\t\t\tBuilding license granted\n\t\t\t\t<\/a>       \n\n<\/div>\n\n\t\t\t\t<div class=\"listing-image-wrap\">\n\t\t\t\t\t<div class=\"listing-thumb\">\n\t\t\t\t\t\t<a class=\"listing-featured-thumb\" href=\"https:\/\/pilarhomes.es\/es\/property\/exclusive-new-development-in-mijas-with-panoramic-sea-views\/\">\n\t\t\t\t\t\t<img decoding=\"async\" width=\"584\" height=\"438\" src=\"https:\/\/pilarhomes.es\/wp-content\/uploads\/2025\/09\/MIJAS__26_08_2025-13-584x438.jpg\" class=\"img-fluid wp-post-image\" alt=\"\" srcset=\"https:\/\/pilarhomes.es\/wp-content\/uploads\/2025\/09\/MIJAS__26_08_2025-13-584x438.jpg 584w, https:\/\/pilarhomes.es\/wp-content\/uploads\/2025\/09\/MIJAS__26_08_2025-13-592x444.jpg 592w, https:\/\/pilarhomes.es\/wp-content\/uploads\/2025\/09\/MIJAS__26_08_2025-13-120x90.jpg 120w\" sizes=\"(max-width: 584px) 100vw, 584px\" \/>\t\t\t\t\t\t<\/a>\n\t\t\t\t\t<\/div>\n\t\t\t\t<\/div>\n\n\t\t\t\t<ul class=\"item-tools\">\n\n        <li class=\"item-tool item-preview\">\n        <span class=\"hz-show-lightbox-js\" data-listid=\"5607\" data-toggle=\"tooltip\" data-placement=\"top\" title=\"Preview\">\n                <i class=\"houzez-icon icon-expand-3\"><\/i>   \n        <\/span><!-- item-tool-favorite -->\n    <\/li><!-- item-tool -->\n        \n        <li class=\"item-tool item-favorite\">\n        <span class=\"add-favorite-js item-tool-favorite\" data-toggle=\"tooltip\" data-placement=\"top\" title=\"Favourite\" data-listid=\"5607\">\n            <i class=\"houzez-icon icon-love-it \"><\/i> \n        <\/span><!-- item-tool-favorite -->\n    <\/li><!-- item-tool -->\n    \n        <li class=\"item-tool item-compare\">\n        <span class=\"houzez_compare compare-5607 item-tool-compare show-compare-panel\" data-toggle=\"tooltip\" data-placement=\"top\" title=\"Add to Compare\" data-listing_id=\"5607\" data-listing_image=\"https:\/\/pilarhomes.es\/wp-content\/uploads\/2025\/09\/MIJAS__26_08_2025-13-592x444.jpg\">\n            <i class=\"houzez-icon icon-add-circle\"><\/i>\n        <\/span><!-- item-tool-compare -->\n    <\/li><!-- item-tool -->\n    <\/ul><!-- item-tools -->\n\t\t\t\t<div class=\"preview_loader\"><\/div>\n\t\t\t<\/div><!-- item-header -->\t\n\t\t\t<div class=\"item-body flex-grow-1\">\n\t\t\t\t<h2 class=\"item-title\">\n\t<a href=\"https:\/\/pilarhomes.es\/es\/property\/exclusive-new-development-in-mijas-with-panoramic-sea-views\/\">Exclusive new development in Mijas with panoramic sea views<\/a>\n<\/h2><!-- item-title -->\n\t\t\t\t<div class=\"d-flex justify-content-between align-items-center amenities-price-wrap\">\n\t\t\t\t\t<ul class=\"item-price-wrap\">\n\t\t\t\t\t\t<li class=\"item-price\"><span class=\"price-prefix\">from<\/span> \u20ac698,000<\/li>\n\t\t\t\t\t<\/ul>\n\t\t\t\t\t<ul class=\"item-amenities item-amenities-with-icons\">\n\t<li class=\"h-beds\"><i class=\"houzez-icon icon-hotel-double-bed-1 mr-1\"><\/i><span class=\"item-amenities-text\">Beds:<\/span> <span class=\"hz-figure\">2<\/span><\/li><li class=\"h-baths\"><i class=\"houzez-icon icon-bathroom-shower-1 mr-1\"><\/i><span class=\"item-amenities-text\">Baths:<\/span> <span class=\"hz-figure\">2<\/span><\/li><li class=\"h-area\"><i class=\"houzez-icon icon-ruler-triangle mr-1\"><\/i><span class=\"hz-figure\">125<\/span> <span class=\"area_postfix\">sq<\/span><\/li><\/ul>\t\t\t\t<\/div><!-- d-flex -->\n\t\t\t<\/div><!-- item-body -->\n\t\t<\/div><!-- d-flex -->\n\t<\/div><!-- item-wrap -->\n<\/div><!-- item-listing-wrap --><div class=\"item-listing-wrap hz-item-gallery-js item-listing-wrap-v6 card\" data-hz-id=\"hz-5573\" data-images=\"[&quot;https:\\\/\\\/pilarhomes.es\\\/wp-content\\\/uploads\\\/2025\\\/07\\\/250626-LOMAS-18-584x438.jpg&quot;,&quot;https:\\\/\\\/pilarhomes.es\\\/wp-content\\\/uploads\\\/2025\\\/07\\\/250626-LOMAS-15-584x438.jpg&quot;,&quot;https:\\\/\\\/pilarhomes.es\\\/wp-content\\\/uploads\\\/2025\\\/07\\\/250626-LOMAS-10-584x438.jpg&quot;,&quot;https:\\\/\\\/pilarhomes.es\\\/wp-content\\\/uploads\\\/2025\\\/07\\\/250626-LOMAS-11-584x438.jpg&quot;,&quot;https:\\\/\\\/pilarhomes.es\\\/wp-content\\\/uploads\\\/2025\\\/07\\\/250626-LOMAS-13-584x438.jpg&quot;,&quot;https:\\\/\\\/pilarhomes.es\\\/wp-content\\\/uploads\\\/2025\\\/07\\\/250626-LOMAS-9-584x438.jpg&quot;,&quot;https:\\\/\\\/pilarhomes.es\\\/wp-content\\\/uploads\\\/2025\\\/07\\\/250626-LOMAS-1-584x438.jpg&quot;,&quot;https:\\\/\\\/pilarhomes.es\\\/wp-content\\\/uploads\\\/2025\\\/07\\\/250626-LOMAS-4-1-584x438.jpg&quot;,&quot;https:\\\/\\\/pilarhomes.es\\\/wp-content\\\/uploads\\\/2025\\\/07\\\/250626-LOMAS-6-584x438.jpg&quot;,&quot;https:\\\/\\\/pilarhomes.es\\\/wp-content\\\/uploads\\\/2025\\\/07\\\/250626-LOMAS-5-584x438.jpg&quot;,&quot;https:\\\/\\\/pilarhomes.es\\\/wp-content\\\/uploads\\\/2025\\\/07\\\/250626-LOMAS-23-584x438.jpg&quot;]\">\n\t<div class=\"item-wrap item-wrap-v6 h-100\">\n\t\t<div class=\"d-flex align-items-center h-100\">\n\t\t\t<div class=\"item-header\">\n\t\t\t\t<span class=\"label-featured label\">Featured<\/span>\n\t\t\t\t<div class=\"labels-wrap labels-right\"> \n\n\t<a href=\"https:\/\/pilarhomes.es\/es\/status\/para-alquilar\/\" class=\"label-status label status-color-86\">\n\t\t\t\t\tFor rent\n\t\t\t\t<\/a><a href=\"https:\/\/pilarhomes.es\/es\/label\/holiday-home\/\" class=\"hz-label label label-color-132\">\n\t\t\t\t\tHoliday home\n\t\t\t\t<\/a><a href=\"https:\/\/pilarhomes.es\/es\/label\/new-listing\/\" class=\"hz-label label label-color-279\">\n\t\t\t\t\tNew listing\n\t\t\t\t<\/a>       \n\n<\/div>\n\n\t\t\t\t<div class=\"listing-image-wrap\">\n\t\t\t\t\t<div class=\"listing-thumb\">\n\t\t\t\t\t\t<a class=\"listing-featured-thumb\" href=\"https:\/\/pilarhomes.es\/es\/property\/live-the-costa-del-sol-dream-in-el-higueron\/\">\n\t\t\t\t\t\t<img loading=\"lazy\" decoding=\"async\" width=\"584\" height=\"438\" src=\"https:\/\/pilarhomes.es\/wp-content\/uploads\/2025\/07\/250626-LOMAS-18-584x438.jpg\" class=\"img-fluid wp-post-image\" alt=\"\" srcset=\"https:\/\/pilarhomes.es\/wp-content\/uploads\/2025\/07\/250626-LOMAS-18-584x438.jpg 584w, https:\/\/pilarhomes.es\/wp-content\/uploads\/2025\/07\/250626-LOMAS-18-592x444.jpg 592w, https:\/\/pilarhomes.es\/wp-content\/uploads\/2025\/07\/250626-LOMAS-18-120x90.jpg 120w\" sizes=\"(max-width: 584px) 100vw, 584px\" \/>\t\t\t\t\t\t<\/a>\n\t\t\t\t\t<\/div>\n\t\t\t\t<\/div>\n\n\t\t\t\t<ul class=\"item-tools\">\n\n        <li class=\"item-tool item-preview\">\n        <span class=\"hz-show-lightbox-js\" data-listid=\"5573\" data-toggle=\"tooltip\" data-placement=\"top\" title=\"Preview\">\n                <i class=\"houzez-icon icon-expand-3\"><\/i>   \n        <\/span><!-- item-tool-favorite -->\n    <\/li><!-- item-tool -->\n        \n        <li class=\"item-tool item-favorite\">\n        <span class=\"add-favorite-js item-tool-favorite\" data-toggle=\"tooltip\" data-placement=\"top\" title=\"Favourite\" data-listid=\"5573\">\n            <i class=\"houzez-icon icon-love-it \"><\/i> \n        <\/span><!-- item-tool-favorite -->\n    <\/li><!-- item-tool -->\n    \n        <li class=\"item-tool item-compare\">\n        <span class=\"houzez_compare compare-5573 item-tool-compare show-compare-panel\" data-toggle=\"tooltip\" data-placement=\"top\" title=\"Add to Compare\" data-listing_id=\"5573\" data-listing_image=\"https:\/\/pilarhomes.es\/wp-content\/uploads\/2025\/07\/250626-LOMAS-18-592x444.jpg\">\n            <i class=\"houzez-icon icon-add-circle\"><\/i>\n        <\/span><!-- item-tool-compare -->\n    <\/li><!-- item-tool -->\n    <\/ul><!-- item-tools -->\n\t\t\t\t<div class=\"preview_loader\"><\/div>\n\t\t\t<\/div><!-- item-header -->\t\n\t\t\t<div class=\"item-body flex-grow-1\">\n\t\t\t\t<h2 class=\"item-title\">\n\t<a href=\"https:\/\/pilarhomes.es\/es\/property\/live-the-costa-del-sol-dream-in-el-higueron\/\">Cosy ground-floor apartment with private garden<\/a>\n<\/h2><!-- item-title -->\n\t\t\t\t<div class=\"d-flex justify-content-between align-items-center amenities-price-wrap\">\n\t\t\t\t\t<ul class=\"item-price-wrap\">\n\t\t\t\t\t\t<li class=\"item-price\"><span class=\"price-prefix\">from<\/span> \u20ac1,100\/a week<\/li>\n\t\t\t\t\t<\/ul>\n\t\t\t\t\t<ul class=\"item-amenities item-amenities-with-icons\">\n\t<li class=\"h-beds\"><i class=\"houzez-icon icon-hotel-double-bed-1 mr-1\"><\/i><span class=\"item-amenities-text\">Beds:<\/span> <span class=\"hz-figure\">2<\/span><\/li><li class=\"h-baths\"><i class=\"houzez-icon icon-bathroom-shower-1 mr-1\"><\/i><span class=\"item-amenities-text\">Baths:<\/span> <span class=\"hz-figure\">2<\/span><\/li><li class=\"h-area\"><i class=\"houzez-icon icon-ruler-triangle mr-1\"><\/i><span class=\"hz-figure\">105<\/span> <span class=\"area_postfix\">m2<\/span><\/li><\/ul>\t\t\t\t<\/div><!-- d-flex -->\n\t\t\t<\/div><!-- item-body -->\n\t\t<\/div><!-- d-flex -->\n\t<\/div><!-- item-wrap -->\n<\/div><!-- item-listing-wrap --><div class=\"item-listing-wrap hz-item-gallery-js item-listing-wrap-v6 card\" data-hz-id=\"hz-5512\" data-images=\"[&quot;https:\\\/\\\/pilarhomes.es\\\/wp-content\\\/uploads\\\/2025\\\/04\\\/IMG_0077-584x438.jpg&quot;,&quot;https:\\\/\\\/pilarhomes.es\\\/wp-content\\\/uploads\\\/2025\\\/04\\\/IMG_0070-584x438.jpg&quot;,&quot;https:\\\/\\\/pilarhomes.es\\\/wp-content\\\/uploads\\\/2025\\\/04\\\/IMG_0075-584x438.jpg&quot;,&quot;https:\\\/\\\/pilarhomes.es\\\/wp-content\\\/uploads\\\/2025\\\/04\\\/IMG_0076-584x438.jpg&quot;,&quot;https:\\\/\\\/pilarhomes.es\\\/wp-content\\\/uploads\\\/2025\\\/04\\\/IMG_0083-584x438.jpg&quot;,&quot;https:\\\/\\\/pilarhomes.es\\\/wp-content\\\/uploads\\\/2025\\\/04\\\/IMG_0081-584x438.jpg&quot;,&quot;https:\\\/\\\/pilarhomes.es\\\/wp-content\\\/uploads\\\/2025\\\/04\\\/IMG_0080-584x438.jpg&quot;,&quot;https:\\\/\\\/pilarhomes.es\\\/wp-content\\\/uploads\\\/2025\\\/04\\\/PHOTO-2022-02-23-01-49-34-584x438.jpg&quot;,&quot;https:\\\/\\\/pilarhomes.es\\\/wp-content\\\/uploads\\\/2025\\\/04\\\/PHOTO-2022-02-23-01-44-07-7-584x438.jpg&quot;,&quot;https:\\\/\\\/pilarhomes.es\\\/wp-content\\\/uploads\\\/2025\\\/04\\\/PHOTO-2022-02-23-01-44-07-584x438.jpg&quot;]\">\n\t<div class=\"item-wrap item-wrap-v6 h-100\">\n\t\t<div class=\"d-flex align-items-center h-100\">\n\t\t\t<div class=\"item-header\">\n\t\t\t\t<span class=\"label-featured label\">Featured<\/span>\n\t\t\t\t<div class=\"labels-wrap labels-right\"> \n\n\t<a href=\"https:\/\/pilarhomes.es\/es\/status\/en-venta\/\" class=\"label-status label status-color-26\">\n\t\t\t\t\tFor Sale\n\t\t\t\t<\/a><a href=\"https:\/\/pilarhomes.es\/es\/status\/reduced-price\/\" class=\"label-status label status-color-48\">\n\t\t\t\t\tReduced Price\n\t\t\t\t<\/a><a href=\"https:\/\/pilarhomes.es\/es\/label\/hot-offer\/\" class=\"hz-label label label-color-30\">\n\t\t\t\t\tHot Offer\n\t\t\t\t<\/a>       \n\n<\/div>\n\n\t\t\t\t<div class=\"listing-image-wrap\">\n\t\t\t\t\t<div class=\"listing-thumb\">\n\t\t\t\t\t\t<a class=\"listing-featured-thumb\" href=\"https:\/\/pilarhomes.es\/es\/property\/your-dream-home-awaits-sea-views-space-style\/\">\n\t\t\t\t\t\t<img loading=\"lazy\" decoding=\"async\" width=\"584\" height=\"438\" src=\"https:\/\/pilarhomes.es\/wp-content\/uploads\/2025\/04\/IMG_0077-584x438.jpg\" class=\"img-fluid wp-post-image\" alt=\"\" srcset=\"https:\/\/pilarhomes.es\/wp-content\/uploads\/2025\/04\/IMG_0077-584x438.jpg 584w, https:\/\/pilarhomes.es\/wp-content\/uploads\/2025\/04\/IMG_0077-300x225.jpg 300w, https:\/\/pilarhomes.es\/wp-content\/uploads\/2025\/04\/IMG_0077-1024x768.jpg 1024w, https:\/\/pilarhomes.es\/wp-content\/uploads\/2025\/04\/IMG_0077-768x576.jpg 768w, https:\/\/pilarhomes.es\/wp-content\/uploads\/2025\/04\/IMG_0077-1536x1152.jpg 1536w, https:\/\/pilarhomes.es\/wp-content\/uploads\/2025\/04\/IMG_0077-2048x1536.jpg 2048w, https:\/\/pilarhomes.es\/wp-content\/uploads\/2025\/04\/IMG_0077-16x12.jpg 16w, https:\/\/pilarhomes.es\/wp-content\/uploads\/2025\/04\/IMG_0077-592x444.jpg 592w, https:\/\/pilarhomes.es\/wp-content\/uploads\/2025\/04\/IMG_0077-800x600.jpg 800w, https:\/\/pilarhomes.es\/wp-content\/uploads\/2025\/04\/IMG_0077-120x90.jpg 120w, https:\/\/pilarhomes.es\/wp-content\/uploads\/2025\/04\/IMG_0077-496x372.jpg 496w\" sizes=\"(max-width: 584px) 100vw, 584px\" \/>\t\t\t\t\t\t<\/a>\n\t\t\t\t\t<\/div>\n\t\t\t\t<\/div>\n\n\t\t\t\t<ul class=\"item-tools\">\n\n        <li class=\"item-tool item-preview\">\n        <span class=\"hz-show-lightbox-js\" data-listid=\"5512\" data-toggle=\"tooltip\" data-placement=\"top\" title=\"Preview\">\n                <i class=\"houzez-icon icon-expand-3\"><\/i>   \n        <\/span><!-- item-tool-favorite -->\n    <\/li><!-- item-tool -->\n        \n        <li class=\"item-tool item-favorite\">\n        <span class=\"add-favorite-js item-tool-favorite\" data-toggle=\"tooltip\" data-placement=\"top\" title=\"Favourite\" data-listid=\"5512\">\n            <i class=\"houzez-icon icon-love-it \"><\/i> \n        <\/span><!-- item-tool-favorite -->\n    <\/li><!-- item-tool -->\n    \n        <li class=\"item-tool item-compare\">\n        <span class=\"houzez_compare compare-5512 item-tool-compare show-compare-panel\" data-toggle=\"tooltip\" data-placement=\"top\" title=\"Add to Compare\" data-listing_id=\"5512\" data-listing_image=\"https:\/\/pilarhomes.es\/wp-content\/uploads\/2025\/04\/IMG_0077-592x444.jpg\">\n            <i class=\"houzez-icon icon-add-circle\"><\/i>\n        <\/span><!-- item-tool-compare -->\n    <\/li><!-- item-tool -->\n    <\/ul><!-- item-tools -->\n\t\t\t\t<div class=\"preview_loader\"><\/div>\n\t\t\t<\/div><!-- item-header -->\t\n\t\t\t<div class=\"item-body flex-grow-1\">\n\t\t\t\t<h2 class=\"item-title\">\n\t<a href=\"https:\/\/pilarhomes.es\/es\/property\/your-dream-home-awaits-sea-views-space-style\/\">Your dream home awaits, sea, views, space &#038; style<\/a>\n<\/h2><!-- item-title -->\n\t\t\t\t<div class=\"d-flex justify-content-between align-items-center amenities-price-wrap\">\n\t\t\t\t\t<ul class=\"item-price-wrap\">\n\t\t\t\t\t\t<li class=\"item-price\"> \u20ac677,000<\/li>\n\t\t\t\t\t<\/ul>\n\t\t\t\t\t<ul class=\"item-amenities item-amenities-with-icons\">\n\t<li class=\"h-beds\"><i class=\"houzez-icon icon-hotel-double-bed-1 mr-1\"><\/i><span class=\"item-amenities-text\">Beds:<\/span> <span class=\"hz-figure\">3<\/span><\/li><li class=\"h-baths\"><i class=\"houzez-icon icon-bathroom-shower-1 mr-1\"><\/i><span class=\"item-amenities-text\">Baths:<\/span> <span class=\"hz-figure\">2<\/span><\/li><li class=\"h-area\"><i class=\"houzez-icon icon-ruler-triangle mr-1\"><\/i><span class=\"hz-figure\">140<\/span> <span class=\"area_postfix\">sq<\/span><\/li><\/ul>\t\t\t\t<\/div><!-- d-flex -->\n\t\t\t<\/div><!-- item-body -->\n\t\t<\/div><!-- d-flex -->\n\t<\/div><!-- item-wrap -->\n<\/div><!-- item-listing-wrap --><div class=\"item-listing-wrap hz-item-gallery-js item-listing-wrap-v6 card\" data-hz-id=\"hz-5451\" data-images=\"[&quot;https:\\\/\\\/pilarhomes.es\\\/wp-content\\\/uploads\\\/2025\\\/04\\\/IMG_0483-584x438.jpg&quot;,&quot;https:\\\/\\\/pilarhomes.es\\\/wp-content\\\/uploads\\\/2025\\\/04\\\/IMG_0481-1-584x438.jpg&quot;,&quot;https:\\\/\\\/pilarhomes.es\\\/wp-content\\\/uploads\\\/2025\\\/04\\\/IMG_0485-2-584x438.jpg&quot;,&quot;https:\\\/\\\/pilarhomes.es\\\/wp-content\\\/uploads\\\/2025\\\/04\\\/IMG_0484-584x438.jpg&quot;,&quot;https:\\\/\\\/pilarhomes.es\\\/wp-content\\\/uploads\\\/2025\\\/04\\\/IMG_0520-1-584x438.jpg&quot;,&quot;https:\\\/\\\/pilarhomes.es\\\/wp-content\\\/uploads\\\/2025\\\/04\\\/IMG_0522-584x438.jpg&quot;,&quot;https:\\\/\\\/pilarhomes.es\\\/wp-content\\\/uploads\\\/2025\\\/04\\\/IMG_0530-584x438.jpg&quot;,&quot;https:\\\/\\\/pilarhomes.es\\\/wp-content\\\/uploads\\\/2025\\\/04\\\/IMG_0543-584x438.jpg&quot;,&quot;https:\\\/\\\/pilarhomes.es\\\/wp-content\\\/uploads\\\/2025\\\/04\\\/IMG_0550-584x438.jpg&quot;,&quot;https:\\\/\\\/pilarhomes.es\\\/wp-content\\\/uploads\\\/2025\\\/04\\\/PHOTO-2022-02-23-01-44-07-584x438.jpg&quot;,&quot;https:\\\/\\\/pilarhomes.es\\\/wp-content\\\/uploads\\\/2025\\\/04\\\/PHOTO-2022-02-23-01-44-07-7-584x438.jpg&quot;]\">\n\t<div class=\"item-wrap item-wrap-v6 h-100\">\n\t\t<div class=\"d-flex align-items-center h-100\">\n\t\t\t<div class=\"item-header\">\n\t\t\t\t<span class=\"label-featured label\">Featured<\/span>\n\t\t\t\t<div class=\"labels-wrap labels-right\"> \n\n\t<a href=\"https:\/\/pilarhomes.es\/es\/status\/rented\/\" class=\"label-status label status-color-310\">\n\t\t\t\t\tRented\n\t\t\t\t<\/a>       \n\n<\/div>\n\n\t\t\t\t<div class=\"listing-image-wrap\">\n\t\t\t\t\t<div class=\"listing-thumb\">\n\t\t\t\t\t\t<a class=\"listing-featured-thumb\" href=\"https:\/\/pilarhomes.es\/es\/property\/breath-taking-sea-views-serenity-on-the-costa-del-sol\/\">\n\t\t\t\t\t\t<img loading=\"lazy\" decoding=\"async\" width=\"584\" height=\"438\" src=\"https:\/\/pilarhomes.es\/wp-content\/uploads\/2025\/04\/IMG_0483-584x438.jpg\" class=\"img-fluid wp-post-image\" alt=\"\" srcset=\"https:\/\/pilarhomes.es\/wp-content\/uploads\/2025\/04\/IMG_0483-584x438.jpg 584w, https:\/\/pilarhomes.es\/wp-content\/uploads\/2025\/04\/IMG_0483-300x225.jpg 300w, https:\/\/pilarhomes.es\/wp-content\/uploads\/2025\/04\/IMG_0483-1024x768.jpg 1024w, https:\/\/pilarhomes.es\/wp-content\/uploads\/2025\/04\/IMG_0483-768x576.jpg 768w, https:\/\/pilarhomes.es\/wp-content\/uploads\/2025\/04\/IMG_0483-1536x1152.jpg 1536w, https:\/\/pilarhomes.es\/wp-content\/uploads\/2025\/04\/IMG_0483-2048x1536.jpg 2048w, https:\/\/pilarhomes.es\/wp-content\/uploads\/2025\/04\/IMG_0483-16x12.jpg 16w, https:\/\/pilarhomes.es\/wp-content\/uploads\/2025\/04\/IMG_0483-592x444.jpg 592w, https:\/\/pilarhomes.es\/wp-content\/uploads\/2025\/04\/IMG_0483-800x600.jpg 800w, https:\/\/pilarhomes.es\/wp-content\/uploads\/2025\/04\/IMG_0483-120x90.jpg 120w, https:\/\/pilarhomes.es\/wp-content\/uploads\/2025\/04\/IMG_0483-496x372.jpg 496w\" sizes=\"(max-width: 584px) 100vw, 584px\" \/>\t\t\t\t\t\t<\/a>\n\t\t\t\t\t<\/div>\n\t\t\t\t<\/div>\n\n\t\t\t\t<ul class=\"item-tools\">\n\n        <li class=\"item-tool item-preview\">\n        <span class=\"hz-show-lightbox-js\" data-listid=\"5451\" data-toggle=\"tooltip\" data-placement=\"top\" title=\"Preview\">\n                <i class=\"houzez-icon icon-expand-3\"><\/i>   \n        <\/span><!-- item-tool-favorite -->\n    <\/li><!-- item-tool -->\n        \n        <li class=\"item-tool item-favorite\">\n        <span class=\"add-favorite-js item-tool-favorite\" data-toggle=\"tooltip\" data-placement=\"top\" title=\"Favourite\" data-listid=\"5451\">\n            <i class=\"houzez-icon icon-love-it \"><\/i> \n        <\/span><!-- item-tool-favorite -->\n    <\/li><!-- item-tool -->\n    \n        <li class=\"item-tool item-compare\">\n        <span class=\"houzez_compare compare-5451 item-tool-compare show-compare-panel\" data-toggle=\"tooltip\" data-placement=\"top\" title=\"Add to Compare\" data-listing_id=\"5451\" data-listing_image=\"https:\/\/pilarhomes.es\/wp-content\/uploads\/2025\/04\/IMG_0483-592x444.jpg\">\n            <i class=\"houzez-icon icon-add-circle\"><\/i>\n        <\/span><!-- item-tool-compare -->\n    <\/li><!-- item-tool -->\n    <\/ul><!-- item-tools -->\n\t\t\t\t<div class=\"preview_loader\"><\/div>\n\t\t\t<\/div><!-- item-header -->\t\n\t\t\t<div class=\"item-body flex-grow-1\">\n\t\t\t\t<h2 class=\"item-title\">\n\t<a href=\"https:\/\/pilarhomes.es\/es\/property\/breath-taking-sea-views-serenity-on-the-costa-del-sol\/\">Breath taking sea views &#038; Serenity on the Costa del Sol<\/a>\n<\/h2><!-- item-title -->\n\t\t\t\t<div class=\"d-flex justify-content-between align-items-center amenities-price-wrap\">\n\t\t\t\t\t<ul class=\"item-price-wrap\">\n\t\t\t\t\t\t<li class=\"item-price\"> \u20ac2,800<\/li>\n\t\t\t\t\t<\/ul>\n\t\t\t\t\t<ul class=\"item-amenities item-amenities-with-icons\">\n\t<li class=\"h-beds\"><i class=\"houzez-icon icon-hotel-double-bed-1 mr-1\"><\/i><span class=\"item-amenities-text\">Beds:<\/span> <span class=\"hz-figure\">3<\/span><\/li><li class=\"h-baths\"><i class=\"houzez-icon icon-bathroom-shower-1 mr-1\"><\/i><span class=\"item-amenities-text\">Baths:<\/span> <span class=\"hz-figure\">2<\/span><\/li><\/ul>\t\t\t\t<\/div><!-- d-flex -->\n\t\t\t<\/div><!-- item-body -->\n\t\t<\/div><!-- d-flex -->\n\t<\/div><!-- item-wrap -->\n<\/div><!-- item-listing-wrap -->\r\n\t\t\t<\/div><!-- listing-view -->\r\n\r\n\t\t\t\t\t<\/div><!-- property-grid-module -->\r\n\r\n\t\t\t\t\t\t<\/div>\n\t\t\t\t<\/div>\n\t\t\t\t<div class=\"elementor-element elementor-element-f21800e elementor-align-center elementor-widget elementor-widget-button\" data-id=\"f21800e\" data-element_type=\"widget\" data-e-type=\"widget\" data-widget_type=\"button.default\">\n\t\t\t\t<div class=\"elementor-widget-container\">\n\t\t\t\t\t\t\t\t\t<div class=\"elementor-button-wrapper\">\n\t\t\t\t\t<a class=\"elementor-button elementor-button-link elementor-size-sm\" href=\"\/about-us\">\n\t\t\t\t\t\t<span class=\"elementor-button-content-wrapper\">\n\t\t\t\t\t\t\t\t\t<span class=\"elementor-button-text\">About us<\/span>\n\t\t\t\t\t<\/span>\n\t\t\t\t\t<\/a>\n\t\t\t\t<\/div>\n\t\t\t\t\t\t\t\t<\/div>\n\t\t\t\t<\/div>\n\t\t\t\t<div class=\"elementor-element elementor-element-d3cc283 elementor-widget elementor-widget-spacer\" data-id=\"d3cc283\" data-element_type=\"widget\" data-e-type=\"widget\" data-widget_type=\"spacer.default\">\n\t\t\t\t<div class=\"elementor-widget-container\">\n\t\t\t\t\t\t\t<div class=\"elementor-spacer\">\n\t\t\t<div class=\"elementor-spacer-inner\"><\/div>\n\t\t<\/div>\n\t\t\t\t\t\t<\/div>\n\t\t\t\t<\/div>\n\t\t\t\t<div class=\"elementor-element elementor-element-b5ec3ec elementor-widget elementor-widget-heading\" data-id=\"b5ec3ec\" data-element_type=\"widget\" data-e-type=\"widget\" data-widget_type=\"heading.default\">\n\t\t\t\t<div class=\"elementor-widget-container\">\n\t\t\t\t\t<h3 class=\"elementor-heading-title elementor-size-medium\">Descubre la Magia de Costa del Sol: Alquiler Vacacional en M\u00e1laga\n<\/h3>\t\t\t\t<\/div>\n\t\t\t\t<\/div>\n\t\t\t\t<div class=\"elementor-element elementor-element-daf6466 elementor-widget elementor-widget-text-editor\" data-id=\"daf6466\" data-element_type=\"widget\" data-e-type=\"widget\" data-widget_type=\"text-editor.default\">\n\t\t\t\t<div class=\"elementor-widget-container\">\n\t\t\t\t\t\t\t\t\t<p>La vibrante ciudad de M\u00e1laga, con su rica historia y encanto mediterr\u00e1neo, es el destino ideal para los amantes de la cultura y la playa. Nuestro cat\u00e1logo de alquileres vacacionales en M\u00e1laga incluye lujosos apartamentos frente al mar y elegantes villas con impresionantes vistas panor\u00e1micas. Ya sea que viajes en pareja, en familia o con amigos, nuestro equipo te asistir\u00e1 para encontrar la propiedad perfecta que cumpla con todas tus necesidades y preferencias.<\/p>\t\t\t\t\t\t\t\t<\/div>\n\t\t\t\t<\/div>\n\t\t\t\t<div class=\"elementor-element elementor-element-b6c63b9 elementor-widget elementor-widget-image\" data-id=\"b6c63b9\" data-element_type=\"widget\" data-e-type=\"widget\" data-widget_type=\"image.default\">\n\t\t\t\t<div class=\"elementor-widget-container\">\n\t\t\t\t\t\t\t\t\t\t\t\t\t\t\t<img decoding=\"async\" src=\"https:\/\/pilarhomes.es\/wp-content\/uploads\/2023\/07\/alquiler-vacacional-en-costa-del-sol-malaga_comprimido-scaled.webp\" title=\"\" alt=\"Alquiler vacacional en Costa del Sol, vistas a la ciudad de M\u00e1laga\" loading=\"lazy\" \/>\t\t\t\t\t\t\t\t\t\t\t\t\t\t\t<\/div>\n\t\t\t\t<\/div>\n\t\t\t\t<div class=\"elementor-element elementor-element-e1e391b elementor-widget elementor-widget-spacer\" data-id=\"e1e391b\" data-element_type=\"widget\" data-e-type=\"widget\" data-widget_type=\"spacer.default\">\n\t\t\t\t<div class=\"elementor-widget-container\">\n\t\t\t\t\t\t\t<div class=\"elementor-spacer\">\n\t\t\t<div class=\"elementor-spacer-inner\"><\/div>\n\t\t<\/div>\n\t\t\t\t\t\t<\/div>\n\t\t\t\t<\/div>\n\t\t\t\t<div class=\"elementor-element elementor-element-acadf21 elementor-widget elementor-widget-heading\" data-id=\"acadf21\" data-element_type=\"widget\" data-e-type=\"widget\" data-widget_type=\"heading.default\">\n\t\t\t\t<div class=\"elementor-widget-container\">\n\t\t\t\t\t<h3 class=\"elementor-heading-title elementor-size-medium\">Marbella: Lujo y Exclusividad durante tus Vacaciones\n<\/h3>\t\t\t\t<\/div>\n\t\t\t\t<\/div>\n\t\t\t\t<div class=\"elementor-element elementor-element-f465831 elementor-widget elementor-widget-text-editor\" data-id=\"f465831\" data-element_type=\"widget\" data-e-type=\"widget\" data-widget_type=\"text-editor.default\">\n\t\t\t\t<div class=\"elementor-widget-container\">\n\t\t\t\t\t\t\t\t\t<p>Conocida por su sofisticaci\u00f3n y ambiente cosmopolita, Marbella es un lugar de ensue\u00f1o para unas vacaciones inolvidables. Nuestra oferta de alquiler vacacional en Marbella abarca desde espl\u00e9ndidas casas con jardines privados hasta apartamentos de lujo en complejos exclusivos. Con el asesoramiento personalizado de nuestro equipo, te sumergir\u00e1s en la experiencia \u00fanica de Marbella y disfrutar\u00e1s de todo el glamour y comodidad que esta ciudad tiene para ofrecer.<\/p>\t\t\t\t\t\t\t\t<\/div>\n\t\t\t\t<\/div>\n\t\t\t\t<div class=\"elementor-element elementor-element-1465cd5 elementor-widget elementor-widget-image\" data-id=\"1465cd5\" data-element_type=\"widget\" data-e-type=\"widget\" data-widget_type=\"image.default\">\n\t\t\t\t<div class=\"elementor-widget-container\">\n\t\t\t\t\t\t\t\t\t\t\t\t\t\t\t<img loading=\"lazy\" decoding=\"async\" width=\"584\" height=\"438\" src=\"https:\/\/pilarhomes.es\/wp-content\/uploads\/2023\/07\/alquiler-vacacional-en-costa-del-sol-marbella_comprimido-584x438.webp\" class=\"attachment-houzez-item-image-6 size-houzez-item-image-6 wp-image-4336\" alt=\"\" srcset=\"https:\/\/pilarhomes.es\/wp-content\/uploads\/2023\/07\/alquiler-vacacional-en-costa-del-sol-marbella_comprimido-584x438.webp 584w, https:\/\/pilarhomes.es\/wp-content\/uploads\/2023\/07\/alquiler-vacacional-en-costa-del-sol-marbella_comprimido-592x444.webp 592w, https:\/\/pilarhomes.es\/wp-content\/uploads\/2023\/07\/alquiler-vacacional-en-costa-del-sol-marbella_comprimido-120x90.webp 120w\" sizes=\"(max-width: 584px) 100vw, 584px\" \/>\t\t\t\t\t\t\t\t\t\t\t\t\t\t\t<\/div>\n\t\t\t\t<\/div>\n\t\t\t\t<div class=\"elementor-element elementor-element-0d7caf1 elementor-widget elementor-widget-spacer\" data-id=\"0d7caf1\" data-element_type=\"widget\" data-e-type=\"widget\" data-widget_type=\"spacer.default\">\n\t\t\t\t<div class=\"elementor-widget-container\">\n\t\t\t\t\t\t\t<div class=\"elementor-spacer\">\n\t\t\t<div class=\"elementor-spacer-inner\"><\/div>\n\t\t<\/div>\n\t\t\t\t\t\t<\/div>\n\t\t\t\t<\/div>\n\t\t\t\t\t<\/div>\n\t\t<\/div>\n\t\t\t\t\t<\/div>\n\t\t<\/section>\n\t\t\t\t<section class=\"elementor-section elementor-top-section elementor-element elementor-element-5f20abec elementor-section-boxed elementor-section-height-default elementor-section-height-default elementor-invisible\" data-id=\"5f20abec\" data-element_type=\"section\" data-e-type=\"section\" data-settings=\"{&quot;animation&quot;:&quot;fadeIn&quot;}\">\n\t\t\t\t\t\t<div class=\"elementor-container elementor-column-gap-default\">\n\t\t\t\t\t<div class=\"elementor-column elementor-col-100 elementor-top-column elementor-element elementor-element-7888418b\" data-id=\"7888418b\" data-element_type=\"column\" data-e-type=\"column\">\n\t\t\t<div class=\"elementor-widget-wrap elementor-element-populated\">\n\t\t\t\t\t\t<div class=\"elementor-element elementor-element-35199a70 elementor-widget elementor-widget-heading\" data-id=\"35199a70\" data-element_type=\"widget\" data-e-type=\"widget\" data-widget_type=\"heading.default\">\n\t\t\t\t<div class=\"elementor-widget-container\">\n\t\t\t\t\t<h2 class=\"elementor-heading-title elementor-size-large\">Exclusive life style<\/h2>\t\t\t\t<\/div>\n\t\t\t\t<\/div>\n\t\t\t\t<div class=\"elementor-element elementor-element-5a9f529 elementor-widget elementor-widget-houzez_elementor_grids\" data-id=\"5a9f529\" data-element_type=\"widget\" data-e-type=\"widget\" data-widget_type=\"houzez_elementor_grids.default\">\n\t\t\t\t<div class=\"elementor-widget-container\">\n\t\t\t\t\t\t\t<div class=\"taxonomy-grids-module taxonomy-grids-module-v1\">\r\n    \t\t<div class=\"row\">\r\n\t\t\t\t\t\t\t\t\t\t<div class=\"col-md-4 col-sm-6\">\r\n            \t\t\t\t<div class=\"taxonomy-item-square\">\r\n\t\t\t\t\t\t\t\t<div class=\"taxonomy-item \" style=\"background-image: url(https:\/\/pilarhomes.es\/wp-content\/uploads\/2022\/03\/concept-las-lomas-de-marbella-club-new-developments-marbella-villa-6.png);\">\r\n\t\t\t\t\t\t\t\t\t<a class=\"taxonomy-link hover-effect-flat\" href=\"https:\/\/pilarhomes.es\/es\/property-type\/para-alquilar\/\">\r\n\t\t\t\t\t\t\t\t\t\t<div class=\"taxonomy-text-wrap\">\r\n\t\t\t\t\t\t\t\t\t\t\t<div class=\"taxonomy-title\">For rent<\/div>\r\n\t\t\t\t\t\t\t\t\t\t\t\r\n\t\t\t\t\t\t\t\t\t\t\t\t\t\t\t\t\t\t\t\t\t\t<div class=\"taxonomy-subtitle\">\r\n\t\t\t\t\t\t\t\t\t\t\t\t26 \r\n\t\t\t\t\t\t\t\t\t\t\t\tProperties\t\t\t\t\t\t\t\t\t\t\t<\/div>\r\n\t\t\t\t\t\t\t\t\t\t\t\t\t\t\t\t\t\t\t\t\t<\/div><!-- taxonomy-text-wrap -->\r\n\t\t\t\t\t\t\t\t\t<\/a>\r\n\t\t\t\t\t\t\t\t<\/div>\r\n\t\t\t\t\t\t\t<\/div>\r\n\t\t\t\t\t\t<\/div>\r\n\r\n\t\t\t\t\t\t\t\t\t\t\t\t<div class=\"col-md-4 col-sm-6\">\r\n            \t\t\t\t<div class=\"taxonomy-item-square\">\r\n\t\t\t\t\t\t\t\t<div class=\"taxonomy-item \" style=\"background-image: url(https:\/\/pilarhomes.es\/wp-content\/uploads\/2022\/03\/156-01424P_156-01424P_117458.png);\">\r\n\t\t\t\t\t\t\t\t\t<a class=\"taxonomy-link hover-effect-flat\" href=\"https:\/\/pilarhomes.es\/es\/property-type\/en-venta\/\">\r\n\t\t\t\t\t\t\t\t\t\t<div class=\"taxonomy-text-wrap\">\r\n\t\t\t\t\t\t\t\t\t\t\t<div class=\"taxonomy-title\">For sale<\/div>\r\n\t\t\t\t\t\t\t\t\t\t\t\r\n\t\t\t\t\t\t\t\t\t\t\t\t\t\t\t\t\t\t\t\t\t\t<div class=\"taxonomy-subtitle\">\r\n\t\t\t\t\t\t\t\t\t\t\t\t42 \r\n\t\t\t\t\t\t\t\t\t\t\t\tProperties\t\t\t\t\t\t\t\t\t\t\t<\/div>\r\n\t\t\t\t\t\t\t\t\t\t\t\t\t\t\t\t\t\t\t\t\t<\/div><!-- taxonomy-text-wrap -->\r\n\t\t\t\t\t\t\t\t\t<\/a>\r\n\t\t\t\t\t\t\t\t<\/div>\r\n\t\t\t\t\t\t\t<\/div>\r\n\t\t\t\t\t\t<\/div>\r\n\r\n\t\t\t\t\t\t\t\t\t\t\t\t<div class=\"col-md-4 col-sm-6\">\r\n            \t\t\t\t<div class=\"taxonomy-item-square\">\r\n\t\t\t\t\t\t\t\t<div class=\"taxonomy-item \" style=\"background-image: url(https:\/\/pilarhomes.es\/wp-content\/uploads\/2022\/03\/Marbella-villa-Beach.png);\">\r\n\t\t\t\t\t\t\t\t\t<a class=\"taxonomy-link hover-effect-flat\" href=\"https:\/\/pilarhomes.es\/es\/property-type\/new-developments\/\">\r\n\t\t\t\t\t\t\t\t\t\t<div class=\"taxonomy-text-wrap\">\r\n\t\t\t\t\t\t\t\t\t\t\t<div class=\"taxonomy-title\">New developments<\/div>\r\n\t\t\t\t\t\t\t\t\t\t\t\r\n\t\t\t\t\t\t\t\t\t\t\t\t\t\t\t\t\t\t\t\t\t\t<div class=\"taxonomy-subtitle\">\r\n\t\t\t\t\t\t\t\t\t\t\t\t30 \r\n\t\t\t\t\t\t\t\t\t\t\t\tProperties\t\t\t\t\t\t\t\t\t\t\t<\/div>\r\n\t\t\t\t\t\t\t\t\t\t\t\t\t\t\t\t\t\t\t\t\t<\/div><!-- taxonomy-text-wrap -->\r\n\t\t\t\t\t\t\t\t\t<\/a>\r\n\t\t\t\t\t\t\t\t<\/div>\r\n\t\t\t\t\t\t\t<\/div>\r\n\t\t\t\t\t\t<\/div>\r\n\r\n\t\t\t\t\t\t\t\t\t<\/div>\r\n\t\t<\/div>\r\n\t\t\t\t\t\t<\/div>\n\t\t\t\t<\/div>\n\t\t\t\t\t<\/div>\n\t\t<\/div>\n\t\t\t\t\t<\/div>\n\t\t<\/section>\n\t\t\t\t<section class=\"elementor-section elementor-top-section elementor-element elementor-element-ffea73f elementor-section-boxed elementor-section-height-default elementor-section-height-default\" data-id=\"ffea73f\" data-element_type=\"section\" data-e-type=\"section\" id=\"services\">\n\t\t\t\t\t\t<div class=\"elementor-container elementor-column-gap-default\">\n\t\t\t\t\t<div class=\"elementor-column elementor-col-100 elementor-top-column elementor-element elementor-element-85ffa1b\" data-id=\"85ffa1b\" data-element_type=\"column\" data-e-type=\"column\">\n\t\t\t<div class=\"elementor-widget-wrap elementor-element-populated\">\n\t\t\t\t\t\t<div class=\"elementor-element elementor-element-d13061c elementor-widget elementor-widget-heading\" data-id=\"d13061c\" data-element_type=\"widget\" data-e-type=\"widget\" data-widget_type=\"heading.default\">\n\t\t\t\t<div class=\"elementor-widget-container\">\n\t\t\t\t\t<h2 class=\"elementor-heading-title elementor-size-large\">Reserva tu Escapada Perfecta con Pilar Homes<\/h2>\t\t\t\t<\/div>\n\t\t\t\t<\/div>\n\t\t\t\t<div class=\"elementor-element elementor-element-dbcceb4 elementor-widget elementor-widget-text-editor\" data-id=\"dbcceb4\" data-element_type=\"widget\" data-e-type=\"widget\" data-widget_type=\"text-editor.default\">\n\t\t\t\t<div class=\"elementor-widget-container\">\n\t\t\t\t\t\t\t\t\t<p>No pierdas la oportunidad de vivir unas vacaciones inolvidables en la Costa del Sol. Pilar Homes te ofrece una selecci\u00f3n exclusiva de pisos vacacionales que superar\u00e1n todas tus expectativas. Nuestro equipo de expertos est\u00e1 listo para ayudarte a encontrar el alojamiento perfecto que se adapte a tus necesidades y te brinde la escapada de tus sue\u00f1os.<\/p><p>Descubre la magia de la zona y reserva tu alquiler de pisos vacacional en Costa de Sol con nosotros. Contacta hoy mismo y d\u00e9janos hacer realidad tus vacaciones perfectas.<\/p>\t\t\t\t\t\t\t\t<\/div>\n\t\t\t\t<\/div>\n\t\t\t\t\t<\/div>\n\t\t<\/div>\n\t\t\t\t\t<\/div>\n\t\t<\/section>\n\t\t\t\t<\/div>\n\t\t","protected":false},"excerpt":{"rendered":"<p>Vive la Experiencia de tus Sue\u00f1os con un Alquiler de Pisos Vacacional en Costa del Sol Exclusiva colecci\u00f3n de alquileres de pisos vacacionales en la deslumbrante Costa del Sol, donde podr\u00e1s vivir una experiencia \u00fanica. Lujo y Confort sin L\u00edmites: Nuestros Alquileres de Pisos en la Paradis\u00edaca Costa del Sol \u00bfEst\u00e1s buscando un alquiler de [&hellip;]<\/p>\n","protected":false},"author":2,"featured_media":0,"parent":0,"menu_order":0,"comment_status":"closed","ping_status":"closed","template":"elementor_header_footer","meta":{"footnotes":""},"class_list":["post-4291","page","type-page","status-publish","hentry"],"yoast_head":"<!-- This site is optimized with the Yoast SEO plugin v27.4 - https:\/\/yoast.com\/product\/yoast-seo-wordpress\/ -->\n<title>Alquiler de pisos vacacional en Costa del Sol - Pilar Homes<\/title>\n<meta name=\"description\" content=\"Encuentra tu refugio junto al mar: alquiler de pisos vacacionales en la Costa del Sol. Enclaves privilegiados en Marbella y M\u00e1laga. \u00a1Reserva hoy mismo!\" \/>\n<meta name=\"robots\" content=\"index, follow, max-snippet:-1, max-image-preview:large, max-video-preview:-1\" \/>\n<link rel=\"canonical\" href=\"https:\/\/pilarhomes.es\/es\/alquiler-pisos-vacacional-en-costa-del-sol\/\" \/>\n<meta property=\"og:locale\" content=\"es_ES\" \/>\n<meta property=\"og:type\" content=\"article\" \/>\n<meta property=\"og:title\" content=\"Alquiler de pisos vacacional en Costa del Sol - Pilar Homes\" \/>\n<meta property=\"og:description\" content=\"Encuentra tu refugio junto al mar: alquiler de pisos vacacionales en la Costa del Sol. Enclaves privilegiados en Marbella y M\u00e1laga. \u00a1Reserva hoy mismo!\" \/>\n<meta property=\"og:url\" content=\"https:\/\/pilarhomes.es\/es\/alquiler-pisos-vacacional-en-costa-del-sol\/\" \/>\n<meta property=\"og:site_name\" content=\"Pilar Homes\" \/>\n<meta property=\"article:modified_time\" content=\"2023-09-08T07:19:58+00:00\" \/>\n<meta property=\"og:image\" content=\"https:\/\/pilarhomes.es\/wp-content\/uploads\/2023\/07\/1-Calidad-60-584x438.jpg\" \/>\n<meta name=\"twitter:card\" content=\"summary_large_image\" \/>\n<meta name=\"twitter:label1\" content=\"Tiempo de lectura\" \/>\n\t<meta name=\"twitter:data1\" content=\"5 minutos\" \/>\n<script type=\"application\/ld+json\" class=\"yoast-schema-graph\">{\"@context\":\"https:\\\/\\\/schema.org\",\"@graph\":[{\"@type\":\"WebPage\",\"@id\":\"https:\\\/\\\/pilarhomes.es\\\/alquiler-pisos-vacacional-en-costa-del-sol\\\/\",\"url\":\"https:\\\/\\\/pilarhomes.es\\\/alquiler-pisos-vacacional-en-costa-del-sol\\\/\",\"name\":\"Alquiler de pisos vacacional en Costa del Sol - Pilar Homes\",\"isPartOf\":{\"@id\":\"https:\\\/\\\/pilarhomes.es\\\/#website\"},\"primaryImageOfPage\":{\"@id\":\"https:\\\/\\\/pilarhomes.es\\\/alquiler-pisos-vacacional-en-costa-del-sol\\\/#primaryimage\"},\"image\":{\"@id\":\"https:\\\/\\\/pilarhomes.es\\\/alquiler-pisos-vacacional-en-costa-del-sol\\\/#primaryimage\"},\"thumbnailUrl\":\"https:\\\/\\\/pilarhomes.es\\\/wp-content\\\/uploads\\\/2023\\\/07\\\/1-Calidad-60-584x438.jpg\",\"datePublished\":\"2023-07-10T12:16:55+00:00\",\"dateModified\":\"2023-09-08T07:19:58+00:00\",\"description\":\"Encuentra tu refugio junto al mar: alquiler de pisos vacacionales en la Costa del Sol. Enclaves privilegiados en Marbella y M\u00e1laga. \u00a1Reserva hoy mismo!\",\"breadcrumb\":{\"@id\":\"https:\\\/\\\/pilarhomes.es\\\/alquiler-pisos-vacacional-en-costa-del-sol\\\/#breadcrumb\"},\"inLanguage\":\"es\",\"potentialAction\":[{\"@type\":\"ReadAction\",\"target\":[\"https:\\\/\\\/pilarhomes.es\\\/alquiler-pisos-vacacional-en-costa-del-sol\\\/\"]}]},{\"@type\":\"ImageObject\",\"inLanguage\":\"es\",\"@id\":\"https:\\\/\\\/pilarhomes.es\\\/alquiler-pisos-vacacional-en-costa-del-sol\\\/#primaryimage\",\"url\":\"https:\\\/\\\/pilarhomes.es\\\/wp-content\\\/uploads\\\/2023\\\/07\\\/1-Calidad-60-584x438.jpg\",\"contentUrl\":\"https:\\\/\\\/pilarhomes.es\\\/wp-content\\\/uploads\\\/2023\\\/07\\\/1-Calidad-60-584x438.jpg\"},{\"@type\":\"BreadcrumbList\",\"@id\":\"https:\\\/\\\/pilarhomes.es\\\/alquiler-pisos-vacacional-en-costa-del-sol\\\/#breadcrumb\",\"itemListElement\":[{\"@type\":\"ListItem\",\"position\":1,\"name\":\"Home\",\"item\":\"https:\\\/\\\/pilarhomes.es\\\/\"},{\"@type\":\"ListItem\",\"position\":2,\"name\":\"Alquiler pisos vacacional en costa del sol\"}]},{\"@type\":\"WebSite\",\"@id\":\"https:\\\/\\\/pilarhomes.es\\\/#website\",\"url\":\"https:\\\/\\\/pilarhomes.es\\\/\",\"name\":\"Pilar Homes\",\"description\":\"\",\"potentialAction\":[{\"@type\":\"SearchAction\",\"target\":{\"@type\":\"EntryPoint\",\"urlTemplate\":\"https:\\\/\\\/pilarhomes.es\\\/?s={search_term_string}\"},\"query-input\":{\"@type\":\"PropertyValueSpecification\",\"valueRequired\":true,\"valueName\":\"search_term_string\"}}],\"inLanguage\":\"es\"}]}<\/script>\n<!-- \/ Yoast SEO plugin. -->","yoast_head_json":{"title":"Alquiler de pisos vacacional en Costa del Sol - Pilar Homes","description":"Encuentra tu refugio junto al mar: alquiler de pisos vacacionales en la Costa del Sol. Enclaves privilegiados en Marbella y M\u00e1laga. \u00a1Reserva hoy mismo!","robots":{"index":"index","follow":"follow","max-snippet":"max-snippet:-1","max-image-preview":"max-image-preview:large","max-video-preview":"max-video-preview:-1"},"canonical":"https:\/\/pilarhomes.es\/es\/alquiler-pisos-vacacional-en-costa-del-sol\/","og_locale":"es_ES","og_type":"article","og_title":"Alquiler de pisos vacacional en Costa del Sol - Pilar Homes","og_description":"Encuentra tu refugio junto al mar: alquiler de pisos vacacionales en la Costa del Sol. Enclaves privilegiados en Marbella y M\u00e1laga. \u00a1Reserva hoy mismo!","og_url":"https:\/\/pilarhomes.es\/es\/alquiler-pisos-vacacional-en-costa-del-sol\/","og_site_name":"Pilar Homes","article_modified_time":"2023-09-08T07:19:58+00:00","og_image":[{"url":"https:\/\/pilarhomes.es\/wp-content\/uploads\/2023\/07\/1-Calidad-60-584x438.jpg","type":"","width":"","height":""}],"twitter_card":"summary_large_image","twitter_misc":{"Tiempo de lectura":"5 minutos"},"schema":{"@context":"https:\/\/schema.org","@graph":[{"@type":"WebPage","@id":"https:\/\/pilarhomes.es\/alquiler-pisos-vacacional-en-costa-del-sol\/","url":"https:\/\/pilarhomes.es\/alquiler-pisos-vacacional-en-costa-del-sol\/","name":"Alquiler de pisos vacacional en Costa del Sol - Pilar Homes","isPartOf":{"@id":"https:\/\/pilarhomes.es\/#website"},"primaryImageOfPage":{"@id":"https:\/\/pilarhomes.es\/alquiler-pisos-vacacional-en-costa-del-sol\/#primaryimage"},"image":{"@id":"https:\/\/pilarhomes.es\/alquiler-pisos-vacacional-en-costa-del-sol\/#primaryimage"},"thumbnailUrl":"https:\/\/pilarhomes.es\/wp-content\/uploads\/2023\/07\/1-Calidad-60-584x438.jpg","datePublished":"2023-07-10T12:16:55+00:00","dateModified":"2023-09-08T07:19:58+00:00","description":"Encuentra tu refugio junto al mar: alquiler de pisos vacacionales en la Costa del Sol. Enclaves privilegiados en Marbella y M\u00e1laga. \u00a1Reserva hoy mismo!","breadcrumb":{"@id":"https:\/\/pilarhomes.es\/alquiler-pisos-vacacional-en-costa-del-sol\/#breadcrumb"},"inLanguage":"es","potentialAction":[{"@type":"ReadAction","target":["https:\/\/pilarhomes.es\/alquiler-pisos-vacacional-en-costa-del-sol\/"]}]},{"@type":"ImageObject","inLanguage":"es","@id":"https:\/\/pilarhomes.es\/alquiler-pisos-vacacional-en-costa-del-sol\/#primaryimage","url":"https:\/\/pilarhomes.es\/wp-content\/uploads\/2023\/07\/1-Calidad-60-584x438.jpg","contentUrl":"https:\/\/pilarhomes.es\/wp-content\/uploads\/2023\/07\/1-Calidad-60-584x438.jpg"},{"@type":"BreadcrumbList","@id":"https:\/\/pilarhomes.es\/alquiler-pisos-vacacional-en-costa-del-sol\/#breadcrumb","itemListElement":[{"@type":"ListItem","position":1,"name":"Home","item":"https:\/\/pilarhomes.es\/"},{"@type":"ListItem","position":2,"name":"Alquiler pisos vacacional en costa del sol"}]},{"@type":"WebSite","@id":"https:\/\/pilarhomes.es\/#website","url":"https:\/\/pilarhomes.es\/","name":"Hogares Pilar","description":"","potentialAction":[{"@type":"SearchAction","target":{"@type":"EntryPoint","urlTemplate":"https:\/\/pilarhomes.es\/?s={search_term_string}"},"query-input":{"@type":"PropertyValueSpecification","valueRequired":true,"valueName":"search_term_string"}}],"inLanguage":"es"}]}},"_links":{"self":[{"href":"https:\/\/pilarhomes.es\/es\/wp-json\/wp\/v2\/pages\/4291","targetHints":{"allow":["GET"]}}],"collection":[{"href":"https:\/\/pilarhomes.es\/es\/wp-json\/wp\/v2\/pages"}],"about":[{"href":"https:\/\/pilarhomes.es\/es\/wp-json\/wp\/v2\/types\/page"}],"author":[{"embeddable":true,"href":"https:\/\/pilarhomes.es\/es\/wp-json\/wp\/v2\/users\/2"}],"replies":[{"embeddable":true,"href":"https:\/\/pilarhomes.es\/es\/wp-json\/wp\/v2\/comments?post=4291"}],"version-history":[{"count":18,"href":"https:\/\/pilarhomes.es\/es\/wp-json\/wp\/v2\/pages\/4291\/revisions"}],"predecessor-version":[{"id":4432,"href":"https:\/\/pilarhomes.es\/es\/wp-json\/wp\/v2\/pages\/4291\/revisions\/4432"}],"wp:attachment":[{"href":"https:\/\/pilarhomes.es\/es\/wp-json\/wp\/v2\/media?parent=4291"}],"curies":[{"name":"wp","href":"https:\/\/api.w.org\/{rel}","templated":true}]}}