{"id":2959,"date":"2022-05-13T12:12:11","date_gmt":"2022-05-13T12:12:11","guid":{"rendered":"https:\/\/houzez.sebserver.com\/?post_type=property&#038;p=2959"},"modified":"2023-04-12T14:46:41","modified_gmt":"2023-04-12T14:46:41","slug":"exclusive-promotion-in-marbella-between-the-sea-and-the-mountains","status":"publish","type":"property","link":"https:\/\/pilarhomes.es\/es\/property\/promocion-exclusiva-en-marbella-entre-el-mar-y-la-montana\/","title":{"rendered":"Between the sea and the mountains"},"content":{"rendered":"<p><strong>Welcome to a new way of living in Marbella<\/strong><\/p>\n<p><strong>Viviendas situadas en edificios de poca altura con apartamentos de 2, 3 y 4 dormitorios<\/strong><\/p>\n<p>Precios desde 699.000 euros para 2 dormitorios y 925.000 euros para 3 dormitorios<\/p>\n<p>Donde la naturaleza, el mar y el confort se unen para ofrecerte un hogar donde convertir cada d\u00eda en una experiencia \u00fanica, muy cerca de Marbella a los pies del peque\u00f1o pueblo de Oj\u00e9n, descubre una nueva forma de vivir. Con viviendas integradas en la naturaleza, dise\u00f1o contempor\u00e1neo y calidez andaluza.<\/p>\n<p>La esencia del lujo, el confort y la arquitectura m\u00e1s vanguardista se mezclan con el exuberante verde del Parque Natural de la Sierra de las Nieves, con una red de senderos y bosques que ofrecen un entorno espectacular para hacer ejercicio al aire libre, con impresionantes vistas al mar. .<\/p>\n<p>Se trata del complejo residencial m\u00e1s destacado de Marbella, dise\u00f1ado para complacer a los m\u00e1s exigentes, con un completo Gimnasio, Hammam y Jacuzzi, as\u00ed como servicio de conserjer\u00eda y Co-working, para que no renuncies a la comodidad de tu hogar, aunque est\u00e9s trabajando. y todo ello en un entorno natural, y para disfrutar de la vida y el deporte al aire libre dispondr\u00e1s de diferentes rutas de senderismo y un completo programa de actividades sociales que podr\u00e1s compartir con familiares y amigos.<\/p>\n<p>Su vivienda ha sido dise\u00f1ada con los m\u00e1s altos est\u00e1ndares de calidad, con electrodom\u00e9sticos de bajo consumo, aislamiento ac\u00fastico, dom\u00f3tica y sistema de seguridad, adem\u00e1s puede a\u00f1adir su toque personal, desde el suelo y los azulejos de las cocinas y ba\u00f1os hasta la decoraci\u00f3n con los m\u00e1s reconocidos interioristas.<\/p>\n<p>&nbsp;<\/p>\n<p><b>GRANADOS<\/b><\/p>\n<p>Situado en la parcela m\u00e1s alta de Palo Alto, ofrece 60 apartamentos contempor\u00e1neos en un conjunto de 6 edificios. Con apartamentos y \u00e1ticos di\u00e1fanos de 2 y 3 dormitorios, todos con excepcionales vistas panor\u00e1micas al mar. Granados tambi\u00e9n cuenta con una piscina privada al aire libre.<\/p>\n<p>Precios desde 699.000 euros para 2 dormitorios y 925.000 euros para 3 dormitorios<\/p>\n<p>Fecha de entrega marzo 2024<\/p>\n<p>&nbsp;<\/p>\n<p><strong>EUCALIPTOS<\/strong><\/p>\n<p>Adem\u00e1s de todas las comodidades y servicios de Palo Alto, Eucaliptos dispondr\u00e1 de una piscina exterior, rodeada de un hermoso paisaje de monta\u00f1a.<\/p>\n<p>Fecha de entrega octubre 2022 VENDIDO<\/p>\n<p>&nbsp;<\/p>\n<p><b>PINSAPOS<\/b><\/p>\n<p>Con 20 apartamentos perfectamente equilibrados situados sobre una plataforma elevada para disfrutar de las mejores vistas panor\u00e1micas, con amplios interiores di\u00e1fanos, terrazas, solariums y exuberantes jardines privados. Fase terminada.<\/p>\n<p>&nbsp;<\/p>\n<p><strong>JACARANDAS<\/strong><\/p>\n<p>con 60 impresionantes apartamentos contempor\u00e1neos divididos en 6 edificios de baja altura, tambi\u00e9n situados en el lado norte del residencial, contar\u00e1 con apartamentos y \u00e1ticos de 2, 3 y 4 dormitorios, todos ellos con impresionantes vistas, adem\u00e1s de una piscina y un patio privados al aire libre. Fase completada.<\/p>\n<p>&nbsp;<\/p>\n<p><strong>ALMENDROS<\/strong><\/p>\n<p>impresionantes apartamentos de 2 y 3 dormitorios con generosos espacios interiores y exteriores. Los Almendros ofrece vistas panor\u00e1micas a la Sierra de Las Nieves y al Mar Mediterr\u00e1neo, con dos piscinas exteriores privadas y acceso a todas las comodidades de Palo Alto. fase terminada.<\/p>\n<p>&nbsp;<\/p>\n<p><strong>CEIBAS<\/strong><\/p>\n<p>con 10 amplios apartamentos contempor\u00e1neos situados en una colina, perfectamente orientados al sur, contar\u00e1 con amplios apartamentos y \u00e1ticos de 2 y 3 dormitorios, y tambi\u00e9n con piscina privada.<\/p>\n<p>Desde el momento en que entres a vivir en este precioso residencial tendr\u00e1s a tu disposici\u00f3n el Gate House de Palo Alto, un servicio de seguridad en la entrada las 24 horas del d\u00eda; que adem\u00e1s te proporcionar\u00e1 un servicio de conserjer\u00eda para ayudarte en todo lo que necesites, desde reservas de restaurantes, transporte y tintorer\u00eda, correo o cualquier otra gesti\u00f3n, para que puedas dedicar tu tiempo a lo realmente importante.<\/p>\n<p>Tambi\u00e9n podr\u00e1 disfrutar del Club Palo Alto, donde podr\u00e1 desayunar en la piscina cubierta despu\u00e9s de varios largos, jugar un emocionante partido de tenis, ejercitarse en el gimnasio, o incluso hacer una ligera clase de yoga por la ma\u00f1ana, para terminar con un caf\u00e9 en la terraza del club mientras disfruta de las hermosas vistas panor\u00e1micas de Marbella y el Mar Mediterr\u00e1neo, y para terminar el d\u00eda podr\u00e1 disfrutar de un momento de relax en el jacuzzi o en el hammam.<\/p>\n<p>&nbsp;<\/p>\n<p><strong>Caracter\u00edsticas de las casas<\/strong><\/p>\n<p>Suelo radiante en todas las habitaciones<br \/>\nCocina totalmente equipada con electrodom\u00e9sticos de la marca Neff y CBOSH<br \/>\nTodas las viviendas incluyen 2 plazas de aparcamiento y trastero<br \/>\nAire acondicionado fr\u00edo calor a trav\u00e9s de sistema aerot\u00e9rmico<br \/>\nSanitarios y grifer\u00eda de Porcelanosa<br \/>\nBroadband and fibre optic installation<br \/>\nControl autom\u00e1tico de la iluminaci\u00f3n<br \/>\nVideo portero<\/p>\n<p>&nbsp;<\/p>\n<p><strong>Qu\u00e9 servicios ofrece:<\/strong><\/p>\n<p><strong>Club Palo Alto con:<\/strong><\/p>\n<p>Jacuzzi<\/p>\n<p>Hamman<\/p>\n<p>Piscinas interiores y exteriores<\/p>\n<p>Pistas de tenis<\/p>\n<p>Gimnasio<\/p>\n<p>Todas las fases tienen piscina exterior privada y jard\u00edn<\/p>\n<p>Rutas de senderismo<\/p>\n<p>Programa de actividades sociales<\/p>\n<p>&nbsp;<\/p>\n<p><strong>Casa de la Puerta de Palo Alto<\/strong><\/p>\n<p>Servicio de conserjer\u00eda<\/p>","protected":false},"excerpt":{"rendered":"<p>Welcome to a new way of living in Marbella Homes located in low-rise buildings with 2, 3 and 4-bedroom apartments Prices from \u20ac699,000 for 2 bedrooms and \u20ac925,000 for 3 bedrooms Where nature, the sea and comfort come together to offer you a home where you can turn each day into a unique experience, very [&hellip;]<\/p>\n","protected":false},"author":2,"featured_media":2967,"parent":0,"menu_order":0,"template":"","property_type":[23],"property_status":[85,41],"property_feature":[13,82,22,32,38,53,55,57,59,60],"property_label":[30],"property_country":[67],"property_state":[77],"property_city":[97],"property_area":[73],"class_list":["post-2959","property","type-property","status-publish","has-post-thumbnail","hentry","property_type-new-developments","property_status-last-unit","property_status-new-development","property_feature-air-conditioning-hot-cold-air","property_feature-dishwasher","property_feature-dryer","property_feature-lawn","property_feature-microwave","property_feature-swimming-pool","property_feature-tv-cable","property_feature-washer","property_feature-wifi","property_feature-window-coverings","property_label-hot-offer","property_country-espana","property_state-malaga","property_city-marbella","property_area-marbella"],"property_meta":{"_edit_last":["2"],"_edit_lock":["1681310753:2"],"_thumbnail_id":["2967"],"fave_property_price":["699000"],"fave_property_bedrooms":["3"],"fave_property_bathrooms":["2"],"fave_property_garage":["1"],"fave_property_id":["PHEND-3004"],"fave_property_map":["1"],"fave_property_map_address":["Palo Alto Marbella"],"fave_property_location":["36.525490952489,-4.8728733203125,10"],"houzez_geolocation_lat":["36.525490952489"],"houzez_geolocation_long":["-4.8728733203125"],"fave_property_map_street_view":["hide"],"fave_property_address":["Palo Alto Marbella"],"fave_featured":["0"],"fave_loggedintoview":["0"],"fave_agent_display_option":["agent_info"],"fave_agents":["72"],"fave_prop_homeslider":["no"],"fave_single_top_area":["global"],"fave_single_content_area":["global"],"houzez_manual_expire":["0"],"_houzez_expiration_date_status":["saved"],"houzez_total_property_views":["1919"],"houzez_views_by_date":["a:61:{s:10:\"02-22-2026\";i:3;s:10:\"02-24-2026\";i:7;s:10:\"02-25-2026\";i:4;s:10:\"02-26-2026\";i:3;s:10:\"02-27-2026\";i:2;s:10:\"02-28-2026\";i:1;s:10:\"03-02-2026\";i:3;s:10:\"03-03-2026\";i:1;s:10:\"03-04-2026\";i:8;s:10:\"03-05-2026\";i:1;s:10:\"03-06-2026\";i:4;s:10:\"03-07-2026\";i:5;s:10:\"03-09-2026\";i:5;s:10:\"03-10-2026\";i:2;s:10:\"03-12-2026\";i:4;s:10:\"03-13-2026\";i:3;s:10:\"03-14-2026\";i:3;s:10:\"03-15-2026\";i:5;s:10:\"03-16-2026\";i:2;s:10:\"03-17-2026\";i:1;s:10:\"03-18-2026\";i:2;s:10:\"03-19-2026\";i:1;s:10:\"03-20-2026\";i:1;s:10:\"03-21-2026\";i:4;s:10:\"03-22-2026\";i:3;s:10:\"03-23-2026\";i:1;s:10:\"03-24-2026\";i:1;s:10:\"03-25-2026\";i:3;s:10:\"03-26-2026\";i:4;s:10:\"03-27-2026\";i:4;s:10:\"03-28-2026\";i:1;s:10:\"03-29-2026\";i:1;s:10:\"03-30-2026\";i:4;s:10:\"03-31-2026\";i:3;s:10:\"04-01-2026\";i:5;s:10:\"04-03-2026\";i:3;s:10:\"04-04-2026\";i:4;s:10:\"04-05-2026\";i:3;s:10:\"04-06-2026\";i:3;s:10:\"04-07-2026\";i:3;s:10:\"04-08-2026\";i:1;s:10:\"04-09-2026\";i:1;s:10:\"04-10-2026\";i:3;s:10:\"04-11-2026\";i:2;s:10:\"04-12-2026\";i:4;s:10:\"04-13-2026\";i:1;s:10:\"04-14-2026\";i:4;s:10:\"04-15-2026\";i:2;s:10:\"04-16-2026\";i:1;s:10:\"04-17-2026\";i:3;s:10:\"04-18-2026\";i:3;s:10:\"04-19-2026\";i:4;s:10:\"04-20-2026\";i:7;s:10:\"04-22-2026\";i:2;s:10:\"04-23-2026\";i:2;s:10:\"04-24-2026\";i:2;s:10:\"04-25-2026\";i:2;s:10:\"04-26-2026\";i:2;s:10:\"04-27-2026\";i:3;s:10:\"04-28-2026\";i:1;s:10:\"04-29-2026\";i:2;}"],"houzez_recently_viewed":["2026-04-29 11:11:23"],"fave_property_size_prefix":["m\u00b2"],"_trp_automatically_translated_slug_es_ES":["promocion-exclusiva-en-marbella-entre-el-mar-y-la-montana"],"_trp_automatically_translated_slug_fi":["eksklusiivinen-myynninedistaminen-marbellassa-meren-ja-vuorten-valissa"],"fave_property_price_postfix":["from"],"fave_property_year":["2023"],"fave_property_images":["2962","2969","2963","2964","2965","2966","2968","2961"]},"yoast_head":"<!-- This site is optimized with the Yoast SEO plugin v27.4 - https:\/\/yoast.com\/product\/yoast-seo-wordpress\/ -->\n<title>Between the sea and the mountains - Pilar Homes<\/title>\n<meta name=\"robots\" content=\"index, follow, max-snippet:-1, max-image-preview:large, max-video-preview:-1\" \/>\n<link rel=\"canonical\" href=\"https:\/\/pilarhomes.es\/es\/property\/promocion-exclusiva-en-marbella-entre-el-mar-y-la-montana\/\" \/>\n<meta property=\"og:locale\" content=\"es_ES\" \/>\n<meta property=\"og:type\" content=\"article\" \/>\n<meta property=\"og:title\" content=\"Between the sea and the mountains - Pilar Homes\" \/>\n<meta property=\"og:description\" content=\"Welcome to a new way of living in Marbella Homes located in low-rise buildings with 2, 3 and 4-bedroom apartments Prices from \u20ac699,000 for 2 bedrooms and \u20ac925,000 for 3 bedrooms Where nature, the sea and comfort come together to offer you a home where you can turn each day into a unique experience, very [&hellip;]\" \/>\n<meta property=\"og:url\" content=\"https:\/\/pilarhomes.es\/es\/property\/promocion-exclusiva-en-marbella-entre-el-mar-y-la-montana\/\" \/>\n<meta property=\"og:site_name\" content=\"Pilar Homes\" \/>\n<meta property=\"article:modified_time\" content=\"2023-04-12T14:46:41+00:00\" \/>\n<meta property=\"og:image\" content=\"https:\/\/pilarhomes.es\/wp-content\/uploads\/2022\/05\/PA-Granados-EXTERIOR-NOCHE-1024x512.jpg\" \/>\n\t<meta property=\"og:image:width\" content=\"1024\" \/>\n\t<meta property=\"og:image:height\" content=\"512\" \/>\n\t<meta property=\"og:image:type\" content=\"image\/jpeg\" \/>\n<meta name=\"twitter:card\" content=\"summary_large_image\" \/>\n<meta name=\"twitter:label1\" content=\"Tiempo de lectura\" \/>\n\t<meta name=\"twitter:data1\" content=\"4 minutos\" \/>\n<script type=\"application\/ld+json\" class=\"yoast-schema-graph\">{\"@context\":\"https:\\\/\\\/schema.org\",\"@graph\":[{\"@type\":\"WebPage\",\"@id\":\"https:\\\/\\\/pilarhomes.es\\\/property\\\/exclusive-promotion-in-marbella-between-the-sea-and-the-mountains\\\/\",\"url\":\"https:\\\/\\\/pilarhomes.es\\\/property\\\/exclusive-promotion-in-marbella-between-the-sea-and-the-mountains\\\/\",\"name\":\"Between the sea and the mountains - Pilar Homes\",\"isPartOf\":{\"@id\":\"https:\\\/\\\/pilarhomes.es\\\/#website\"},\"primaryImageOfPage\":{\"@id\":\"https:\\\/\\\/pilarhomes.es\\\/property\\\/exclusive-promotion-in-marbella-between-the-sea-and-the-mountains\\\/#primaryimage\"},\"image\":{\"@id\":\"https:\\\/\\\/pilarhomes.es\\\/property\\\/exclusive-promotion-in-marbella-between-the-sea-and-the-mountains\\\/#primaryimage\"},\"thumbnailUrl\":\"https:\\\/\\\/pilarhomes.es\\\/wp-content\\\/uploads\\\/2022\\\/05\\\/PA-Granados-EXTERIOR-NOCHE-scaled.jpg\",\"datePublished\":\"2022-05-13T12:12:11+00:00\",\"dateModified\":\"2023-04-12T14:46:41+00:00\",\"breadcrumb\":{\"@id\":\"https:\\\/\\\/pilarhomes.es\\\/property\\\/exclusive-promotion-in-marbella-between-the-sea-and-the-mountains\\\/#breadcrumb\"},\"inLanguage\":\"es\",\"potentialAction\":[{\"@type\":\"ReadAction\",\"target\":[\"https:\\\/\\\/pilarhomes.es\\\/property\\\/exclusive-promotion-in-marbella-between-the-sea-and-the-mountains\\\/\"]}]},{\"@type\":\"ImageObject\",\"inLanguage\":\"es\",\"@id\":\"https:\\\/\\\/pilarhomes.es\\\/property\\\/exclusive-promotion-in-marbella-between-the-sea-and-the-mountains\\\/#primaryimage\",\"url\":\"https:\\\/\\\/pilarhomes.es\\\/wp-content\\\/uploads\\\/2022\\\/05\\\/PA-Granados-EXTERIOR-NOCHE-scaled.jpg\",\"contentUrl\":\"https:\\\/\\\/pilarhomes.es\\\/wp-content\\\/uploads\\\/2022\\\/05\\\/PA-Granados-EXTERIOR-NOCHE-scaled.jpg\",\"width\":2560,\"height\":1280},{\"@type\":\"BreadcrumbList\",\"@id\":\"https:\\\/\\\/pilarhomes.es\\\/property\\\/exclusive-promotion-in-marbella-between-the-sea-and-the-mountains\\\/#breadcrumb\",\"itemListElement\":[{\"@type\":\"ListItem\",\"position\":1,\"name\":\"Home\",\"item\":\"https:\\\/\\\/pilarhomes.es\\\/\"},{\"@type\":\"ListItem\",\"position\":2,\"name\":\"Properties\",\"item\":\"https:\\\/\\\/pilarhomes.es\\\/property\\\/\"},{\"@type\":\"ListItem\",\"position\":3,\"name\":\"Between the sea and the mountains\"}]},{\"@type\":\"WebSite\",\"@id\":\"https:\\\/\\\/pilarhomes.es\\\/#website\",\"url\":\"https:\\\/\\\/pilarhomes.es\\\/\",\"name\":\"Pilar Homes\",\"description\":\"\",\"potentialAction\":[{\"@type\":\"SearchAction\",\"target\":{\"@type\":\"EntryPoint\",\"urlTemplate\":\"https:\\\/\\\/pilarhomes.es\\\/?s={search_term_string}\"},\"query-input\":{\"@type\":\"PropertyValueSpecification\",\"valueRequired\":true,\"valueName\":\"search_term_string\"}}],\"inLanguage\":\"es\"}]}<\/script>\n<!-- \/ Yoast SEO plugin. -->","yoast_head_json":{"title":"Between the sea and the mountains - Pilar Homes","robots":{"index":"index","follow":"follow","max-snippet":"max-snippet:-1","max-image-preview":"max-image-preview:large","max-video-preview":"max-video-preview:-1"},"canonical":"https:\/\/pilarhomes.es\/es\/property\/promocion-exclusiva-en-marbella-entre-el-mar-y-la-montana\/","og_locale":"es_ES","og_type":"article","og_title":"Between the sea and the mountains - Pilar Homes","og_description":"Welcome to a new way of living in Marbella Homes located in low-rise buildings with 2, 3 and 4-bedroom apartments Prices from \u20ac699,000 for 2 bedrooms and \u20ac925,000 for 3 bedrooms Where nature, the sea and comfort come together to offer you a home where you can turn each day into a unique experience, very [&hellip;]","og_url":"https:\/\/pilarhomes.es\/es\/property\/promocion-exclusiva-en-marbella-entre-el-mar-y-la-montana\/","og_site_name":"Pilar Homes","article_modified_time":"2023-04-12T14:46:41+00:00","og_image":[{"width":1024,"height":512,"url":"https:\/\/pilarhomes.es\/wp-content\/uploads\/2022\/05\/PA-Granados-EXTERIOR-NOCHE-1024x512.jpg","type":"image\/jpeg"}],"twitter_card":"summary_large_image","twitter_misc":{"Tiempo de lectura":"4 minutos"},"schema":{"@context":"https:\/\/schema.org","@graph":[{"@type":"WebPage","@id":"https:\/\/pilarhomes.es\/property\/exclusive-promotion-in-marbella-between-the-sea-and-the-mountains\/","url":"https:\/\/pilarhomes.es\/property\/exclusive-promotion-in-marbella-between-the-sea-and-the-mountains\/","name":"Between the sea and the mountains - Pilar Homes","isPartOf":{"@id":"https:\/\/pilarhomes.es\/#website"},"primaryImageOfPage":{"@id":"https:\/\/pilarhomes.es\/property\/exclusive-promotion-in-marbella-between-the-sea-and-the-mountains\/#primaryimage"},"image":{"@id":"https:\/\/pilarhomes.es\/property\/exclusive-promotion-in-marbella-between-the-sea-and-the-mountains\/#primaryimage"},"thumbnailUrl":"https:\/\/pilarhomes.es\/wp-content\/uploads\/2022\/05\/PA-Granados-EXTERIOR-NOCHE-scaled.jpg","datePublished":"2022-05-13T12:12:11+00:00","dateModified":"2023-04-12T14:46:41+00:00","breadcrumb":{"@id":"https:\/\/pilarhomes.es\/property\/exclusive-promotion-in-marbella-between-the-sea-and-the-mountains\/#breadcrumb"},"inLanguage":"es","potentialAction":[{"@type":"ReadAction","target":["https:\/\/pilarhomes.es\/property\/exclusive-promotion-in-marbella-between-the-sea-and-the-mountains\/"]}]},{"@type":"ImageObject","inLanguage":"es","@id":"https:\/\/pilarhomes.es\/property\/exclusive-promotion-in-marbella-between-the-sea-and-the-mountains\/#primaryimage","url":"https:\/\/pilarhomes.es\/wp-content\/uploads\/2022\/05\/PA-Granados-EXTERIOR-NOCHE-scaled.jpg","contentUrl":"https:\/\/pilarhomes.es\/wp-content\/uploads\/2022\/05\/PA-Granados-EXTERIOR-NOCHE-scaled.jpg","width":2560,"height":1280},{"@type":"BreadcrumbList","@id":"https:\/\/pilarhomes.es\/property\/exclusive-promotion-in-marbella-between-the-sea-and-the-mountains\/#breadcrumb","itemListElement":[{"@type":"ListItem","position":1,"name":"Home","item":"https:\/\/pilarhomes.es\/"},{"@type":"ListItem","position":2,"name":"Properties","item":"https:\/\/pilarhomes.es\/property\/"},{"@type":"ListItem","position":3,"name":"Between the sea and the mountains"}]},{"@type":"WebSite","@id":"https:\/\/pilarhomes.es\/#website","url":"https:\/\/pilarhomes.es\/","name":"Hogares Pilar","description":"","potentialAction":[{"@type":"SearchAction","target":{"@type":"EntryPoint","urlTemplate":"https:\/\/pilarhomes.es\/?s={search_term_string}"},"query-input":{"@type":"PropertyValueSpecification","valueRequired":true,"valueName":"search_term_string"}}],"inLanguage":"es"}]}},"_links":{"self":[{"href":"https:\/\/pilarhomes.es\/es\/wp-json\/wp\/v2\/properties\/2959","targetHints":{"allow":["GET"]}}],"collection":[{"href":"https:\/\/pilarhomes.es\/es\/wp-json\/wp\/v2\/properties"}],"about":[{"href":"https:\/\/pilarhomes.es\/es\/wp-json\/wp\/v2\/types\/property"}],"author":[{"embeddable":true,"href":"https:\/\/pilarhomes.es\/es\/wp-json\/wp\/v2\/users\/2"}],"version-history":[{"count":9,"href":"https:\/\/pilarhomes.es\/es\/wp-json\/wp\/v2\/properties\/2959\/revisions"}],"predecessor-version":[{"id":4079,"href":"https:\/\/pilarhomes.es\/es\/wp-json\/wp\/v2\/properties\/2959\/revisions\/4079"}],"wp:featuredmedia":[{"embeddable":true,"href":"https:\/\/pilarhomes.es\/es\/wp-json\/wp\/v2\/media\/2967"}],"wp:attachment":[{"href":"https:\/\/pilarhomes.es\/es\/wp-json\/wp\/v2\/media?parent=2959"}],"wp:term":[{"taxonomy":"property_type","embeddable":true,"href":"https:\/\/pilarhomes.es\/es\/wp-json\/wp\/v2\/property_type?post=2959"},{"taxonomy":"property_status","embeddable":true,"href":"https:\/\/pilarhomes.es\/es\/wp-json\/wp\/v2\/property_status?post=2959"},{"taxonomy":"property_feature","embeddable":true,"href":"https:\/\/pilarhomes.es\/es\/wp-json\/wp\/v2\/property_feature?post=2959"},{"taxonomy":"property_label","embeddable":true,"href":"https:\/\/pilarhomes.es\/es\/wp-json\/wp\/v2\/property_label?post=2959"},{"taxonomy":"property_country","embeddable":true,"href":"https:\/\/pilarhomes.es\/es\/wp-json\/wp\/v2\/property_country?post=2959"},{"taxonomy":"property_state","embeddable":true,"href":"https:\/\/pilarhomes.es\/es\/wp-json\/wp\/v2\/property_state?post=2959"},{"taxonomy":"property_city","embeddable":true,"href":"https:\/\/pilarhomes.es\/es\/wp-json\/wp\/v2\/property_city?post=2959"},{"taxonomy":"property_area","embeddable":true,"href":"https:\/\/pilarhomes.es\/es\/wp-json\/wp\/v2\/property_area?post=2959"}],"curies":[{"name":"wp","href":"https:\/\/api.w.org\/{rel}","templated":true}]}}