{"id":112,"date":"2016-02-03T15:43:26","date_gmt":"2016-02-03T15:43:26","guid":{"rendered":"https:\/\/sandbox.favethemes.com\/houzez\/?post_type=property&#038;p=112"},"modified":"2025-08-23T17:37:52","modified_gmt":"2025-08-23T17:37:52","slug":"a-window-to-the-sea-and-the-mountains","status":"publish","type":"property","link":"https:\/\/pilarhomes.es\/fi\/property\/a-window-to-the-sea-and-the-mountains\/","title":{"rendered":"Eksklusiivinen 4 makuuhuonetta Ibizan tyyliin huvila Benalmadenassa"},"content":{"rendered":"<p><strong>Eksklusiivinen 4 makuuhuonetta Ibizan tyyliin huvila Benalmadenassa <\/strong><\/p>\n<p><strong>\u20ac1.050.000 <\/strong><\/p>\n<p><strong>\u00a0<\/strong><\/p>\n<p><strong>Capellan\u00eda - El Higuer\u00f3n Vuodepaikkoja 4 Kylpy 3 349m2 rakennettu 1004m2 tontti<\/strong><\/p>\n<p>Jos etsit ainutlaatuista huvilaa luonnollisessa ymp\u00e4rist\u00f6ss\u00e4 ja panoraaman\u00e4kymill\u00e4, jos marokkolainen taide ja ibizalainen tyyli ovat intohimosi ja erilaisuus on identiteettisi, olet l\u00f6yt\u00e4nyt t\u00e4ydellisen kodin.<\/p>\n<p>T\u00e4m\u00e4 kaunis ibizalainen huvila sijaitsee \"La Capellaniassa\" Benalmadena Costan ja Benalmadena Pueblon puoliv\u00e4liss\u00e4. Panoraaman\u00e4kym\u00e4t ulottuvat vuorilta laajalle V\u00e4limerelle. Luonnon ymp\u00e4r\u00f6im\u00e4n\u00e4 rauhallisessa ja yksityisess\u00e4 ymp\u00e4rist\u00f6ss\u00e4.<\/p>\n<p>Vila Sunset sijaitsee erityisell\u00e4 paikalla, kukkulalla koholla, jotta voit nauttia Costa del Solin kauniista auringonnousuista ja -laskuista joko puutarhan puiden varjossa tai istumalla uima-allasta koristavalla balilaisella kannella.<\/p>\n<p>Rakennettu 1000 m\u00b2: n tontille, integroituu kotiin ja ulkoilmael\u00e4m\u00e4\u00e4n, nelj\u00e4 makuuhuonetta, 2 kylpyhuoneet ja wc, jaettu kahteen kerrokseen, se on my\u00f6s kellarissa ihanteellinen leikkihuone tai kuntosali tai jopa ylim\u00e4\u00e4r\u00e4inen huone tai itsen\u00e4inen studio. Autotalli 2 autolle, jossa on itsen\u00e4inen sis\u00e4\u00e4nk\u00e4ynti ja suora p\u00e4\u00e4sy taloon.<\/p>\n<p>Yksi tila k\u00e4sitt\u00e4\u00e4 keitti\u00f6n ja olohuoneen, kaksi makuuhuonetta, joissa on p\u00e4\u00e4sy terassille samassa kerroksessa, joista toisessa on oma kylpyhuone. P\u00e4\u00e4makuuhuone ensimm\u00e4isess\u00e4 kerroksessa, jossa on savupiippu, oma terassi, kylpyhuone ja pukuhuone. WC p\u00e4\u00e4kerroksessa. Kaikki t\u00e4m\u00e4 yhdistettyn\u00e4 ainutlaatuiseen sisustukseen, joka kuljettaa sinut maagiseen satuun.<\/p>\n<p>Huvila, josta voit nauttia, ainutlaatuinen kokemus, joka sinun on elett\u00e4v\u00e4.<\/p>\n<p><strong>Perusominaisuudet<\/strong><\/p>\n<ul>\n<li>Itsen\u00e4inen huvila<\/li>\n<li>2 kerrosta<\/li>\n<li>349 m\u00b2 rakennettu<\/li>\n<li>4 makuuhuonetta<\/li>\n<li>3 kylpyhuonetta<\/li>\n<li>1.004 m\u00b2 tontti<\/li>\n<li>Terassit<\/li>\n<li>Sis\u00e4\u00e4nrakennetut komerot<\/li>\n<li>Varastohuone<\/li>\n<li>Etel\u00e4\u00e4n, l\u00e4nteen ja it\u00e4\u00e4n p\u00e4in<\/li>\n<li>Rakennettu vuonna 2001<\/li>\n<\/ul>\n<ul>\n<li>Ilmastointi ja tuuletin<\/li>\n<\/ul>\n<p><strong>\u00a0<\/strong><\/p>\n<p><strong>Mit\u00e4 se tarjoaa sinulle?<\/strong><\/p>\n<ul>\n<li>Yksityinen uima-allas<\/li>\n<li>Puutarha ja hedelm\u00e4puut<\/li>\n<li>Garaje 2 autolle<\/li>\n<li>Takka<\/li>\n<li>Balilainen s\u00e4nky<\/li>\n<\/ul>\n<p>&nbsp;<\/p>\n<p>Sijainti: c\/Le\u00f3n 7, Benalmadena - Capellan\u00eda<\/p>","protected":false},"excerpt":{"rendered":"<p>Exclusive 4 bedrooms Ibizan style villa in Benalmadena \u20ac1.050.000 \u00a0 Capellan\u00eda &#8211; El Higuer\u00f3n \u00a0\u00a0\u00a0\u00a0\u00a0 \u00a0\u00a0\u00a0\u00a0\u00a0\u00a0\u00a0Beds 4 Bath 3\u00a0\u00a0\u00a0\u00a0\u00a0\u00a0\u00a0 349m2 built\u00a0\u00a0\u00a0\u00a0\u00a0\u00a0\u00a0 1004m2 plot If you are looking for a unique villa in a natural surroundings and with panoramic views, if the Moroccan art and Ibizan style are your passion and being different is your identity [&hellip;]<\/p>\n","protected":false},"author":2,"featured_media":3183,"parent":0,"menu_order":0,"template":"","property_type":[29],"property_status":[26],"property_feature":[13,91,79,82,22,32,38,80,51,52,53,55,57,83,59,60],"property_label":[74],"property_country":[67],"property_state":[77],"property_city":[95],"property_area":[96],"class_list":["post-112","property","type-property","status-publish","has-post-thumbnail","hentry","property_type-for-sale","property_status-for-sale","property_feature-air-conditioning-hot-cold-air","property_feature-built-in-closet","property_feature-coffeemaker","property_feature-dishwasher","property_feature-dryer","property_feature-lawn","property_feature-microwave","property_feature-oven","property_feature-sauna","property_feature-security","property_feature-swimming-pool","property_feature-tv-cable","property_feature-washer","property_feature-washing-machine","property_feature-wifi","property_feature-window-coverings","property_label-sold","property_country-espana","property_state-malaga","property_city-benalmadena","property_area-benalmadena"],"property_meta":{"houzez_geolocation_lat":["36.596612002697"],"houzez_geolocation_long":["-4.6332833255859"],"houzez_recently_viewed":["2026-05-01 14:44:59"],"fave_property_size":["349"],"fave_property_bedrooms":["4"],"fave_property_bathrooms":["3"],"fave_property_garage":["1"],"fave_property_year":["2020"],"fave_property_id":["PHES-2005"],"_vc_post_settings":["a:1:{s:10:\"vc_grid_id\";a:0:{}}"],"fave_property_price":["1050000"],"fave_property_map":["0"],"fave_property_map_address":["Capellan\u00eda - El Higuer\u00f3n"],"fave_property_location":["36.596612002697,-4.6332833255859,12"],"fave_property_country":["US"],"fave_additional_features_enable":["enable"],"fave_floor_plans_enable":["enable"],"fave_featured":["1"],"fave_property_address":["Capellan\u00eda - El Higuer\u00f3n"],"fave_property_zip":["29651"],"fave_agent_display_option":["agent_info"],"fave_multiunit_plans_enable":["disable"],"_dp_original":["109"],"_thumbnail_id":["3183"],"houzez_total_property_views":["3118"],"houzez_views_by_date":["a:61:{s:10:\"02-27-2026\";i:2;s:10:\"02-28-2026\";i:1;s:10:\"03-01-2026\";i:4;s:10:\"03-02-2026\";i:2;s:10:\"03-03-2026\";i:7;s:10:\"03-04-2026\";i:2;s:10:\"03-05-2026\";i:3;s:10:\"03-06-2026\";i:2;s:10:\"03-07-2026\";i:5;s:10:\"03-08-2026\";i:3;s:10:\"03-09-2026\";i:5;s:10:\"03-10-2026\";i:5;s:10:\"03-11-2026\";i:1;s:10:\"03-13-2026\";i:7;s:10:\"03-14-2026\";i:3;s:10:\"03-15-2026\";i:1;s:10:\"03-16-2026\";i:7;s:10:\"03-17-2026\";i:1;s:10:\"03-18-2026\";i:2;s:10:\"03-19-2026\";i:4;s:10:\"03-21-2026\";i:1;s:10:\"03-22-2026\";i:5;s:10:\"03-23-2026\";i:1;s:10:\"03-24-2026\";i:7;s:10:\"03-25-2026\";i:2;s:10:\"03-26-2026\";i:3;s:10:\"03-27-2026\";i:2;s:10:\"03-28-2026\";i:2;s:10:\"03-29-2026\";i:4;s:10:\"03-30-2026\";i:4;s:10:\"04-01-2026\";i:1;s:10:\"04-02-2026\";i:4;s:10:\"04-03-2026\";i:7;s:10:\"04-04-2026\";i:2;s:10:\"04-05-2026\";i:6;s:10:\"04-06-2026\";i:4;s:10:\"04-07-2026\";i:3;s:10:\"04-08-2026\";i:2;s:10:\"04-09-2026\";i:2;s:10:\"04-10-2026\";i:3;s:10:\"04-11-2026\";i:1;s:10:\"04-12-2026\";i:3;s:10:\"04-13-2026\";i:2;s:10:\"04-14-2026\";i:1;s:10:\"04-15-2026\";i:4;s:10:\"04-16-2026\";i:5;s:10:\"04-17-2026\";i:6;s:10:\"04-18-2026\";i:1;s:10:\"04-19-2026\";i:3;s:10:\"04-20-2026\";i:11;s:10:\"04-21-2026\";i:3;s:10:\"04-22-2026\";i:3;s:10:\"04-23-2026\";i:1;s:10:\"04-24-2026\";i:2;s:10:\"04-25-2026\";i:3;s:10:\"04-26-2026\";i:1;s:10:\"04-27-2026\";i:4;s:10:\"04-28-2026\";i:2;s:10:\"04-29-2026\";i:6;s:10:\"04-30-2026\";i:3;s:10:\"05-01-2026\";i:5;}"],"fave_property_map_street_view":["show"],"fave_payment_status":["not_paid"],"fave_currency_info":[""],"fave_single_top_area":["global"],"fave_single_content_area":["global"],"houzez_manual_expire":["0"],"_houzez_expiration_date_status":["saved"],"_edit_lock":["1757342315:2"],"_edit_last":["2"],"fave_property_land":["840"],"fave_property_size_prefix":["m\u00b2"],"fave_property_land_postfix":["m\u00b2"],"_trp_automatically_translated_slug_es_ES":["una-ventana-al-mar-y-las-montanas"],"_trp_automatically_translated_slug_fi":["a-window-to-the-sea-and-the-mountains"],"fave_property_images":["3183","3191","3182","3184","3188","3190","3185","3189","3186","3187"],"_yoast_wpseo_primary_property_type":[""],"_yoast_wpseo_primary_property_status":[""],"_yoast_wpseo_primary_property_feature":[""],"_yoast_wpseo_primary_property_label":["74"],"_yoast_wpseo_primary_property_country":[""],"_yoast_wpseo_primary_property_state":[""],"_yoast_wpseo_primary_property_city":[""],"_yoast_wpseo_primary_property_area":[""],"_yoast_wpseo_content_score":["60"],"_yoast_wpseo_estimated-reading-time-minutes":["2"]},"yoast_head":"<!-- This site is optimized with the Yoast SEO plugin v27.4 - https:\/\/yoast.com\/product\/yoast-seo-wordpress\/ -->\n<title>Exclusive 4 bedrooms Ibizan style villa in Benalmadena - Pilar Homes<\/title>\n<meta name=\"robots\" content=\"index, follow, max-snippet:-1, max-image-preview:large, max-video-preview:-1\" \/>\n<link rel=\"canonical\" href=\"https:\/\/pilarhomes.es\/fi\/property\/a-window-to-the-sea-and-the-mountains\/\" \/>\n<meta property=\"og:locale\" content=\"fi_FI\" \/>\n<meta property=\"og:type\" content=\"article\" \/>\n<meta property=\"og:title\" content=\"Exclusive 4 bedrooms Ibizan style villa in Benalmadena - Pilar Homes\" \/>\n<meta property=\"og:description\" content=\"Exclusive 4 bedrooms Ibizan style villa in Benalmadena \u20ac1.050.000 \u00a0 Capellan\u00eda &#8211; El Higuer\u00f3n \u00a0\u00a0\u00a0\u00a0\u00a0 \u00a0\u00a0\u00a0\u00a0\u00a0\u00a0\u00a0Beds 4 Bath 3\u00a0\u00a0\u00a0\u00a0\u00a0\u00a0\u00a0 349m2 built\u00a0\u00a0\u00a0\u00a0\u00a0\u00a0\u00a0 1004m2 plot If you are looking for a unique villa in a natural surroundings and with panoramic views, if the Moroccan art and Ibizan style are your passion and being different is your identity [&hellip;]\" \/>\n<meta property=\"og:url\" content=\"https:\/\/pilarhomes.es\/fi\/property\/a-window-to-the-sea-and-the-mountains\/\" \/>\n<meta property=\"og:site_name\" content=\"Pilar Homes\" \/>\n<meta property=\"article:modified_time\" content=\"2025-08-23T17:37:52+00:00\" \/>\n<meta property=\"og:image\" content=\"https:\/\/pilarhomes.es\/wp-content\/uploads\/2016\/02\/14.jpg\" \/>\n\t<meta property=\"og:image:width\" content=\"1600\" \/>\n\t<meta property=\"og:image:height\" content=\"1600\" \/>\n\t<meta property=\"og:image:type\" content=\"image\/jpeg\" \/>\n<meta name=\"twitter:card\" content=\"summary_large_image\" \/>\n<meta name=\"twitter:label1\" content=\"Arvioitu lukuaika\" \/>\n\t<meta name=\"twitter:data1\" content=\"2 minuuttia\" \/>\n<script type=\"application\/ld+json\" class=\"yoast-schema-graph\">{\"@context\":\"https:\\\/\\\/schema.org\",\"@graph\":[{\"@type\":\"WebPage\",\"@id\":\"https:\\\/\\\/pilarhomes.es\\\/property\\\/a-window-to-the-sea-and-the-mountains\\\/\",\"url\":\"https:\\\/\\\/pilarhomes.es\\\/property\\\/a-window-to-the-sea-and-the-mountains\\\/\",\"name\":\"Exclusive 4 bedrooms Ibizan style villa in Benalmadena - Pilar Homes\",\"isPartOf\":{\"@id\":\"https:\\\/\\\/pilarhomes.es\\\/#website\"},\"primaryImageOfPage\":{\"@id\":\"https:\\\/\\\/pilarhomes.es\\\/property\\\/a-window-to-the-sea-and-the-mountains\\\/#primaryimage\"},\"image\":{\"@id\":\"https:\\\/\\\/pilarhomes.es\\\/property\\\/a-window-to-the-sea-and-the-mountains\\\/#primaryimage\"},\"thumbnailUrl\":\"https:\\\/\\\/pilarhomes.es\\\/wp-content\\\/uploads\\\/2016\\\/02\\\/14.jpg\",\"datePublished\":\"2016-02-03T15:43:26+00:00\",\"dateModified\":\"2025-08-23T17:37:52+00:00\",\"breadcrumb\":{\"@id\":\"https:\\\/\\\/pilarhomes.es\\\/property\\\/a-window-to-the-sea-and-the-mountains\\\/#breadcrumb\"},\"inLanguage\":\"fi\",\"potentialAction\":[{\"@type\":\"ReadAction\",\"target\":[\"https:\\\/\\\/pilarhomes.es\\\/property\\\/a-window-to-the-sea-and-the-mountains\\\/\"]}]},{\"@type\":\"ImageObject\",\"inLanguage\":\"fi\",\"@id\":\"https:\\\/\\\/pilarhomes.es\\\/property\\\/a-window-to-the-sea-and-the-mountains\\\/#primaryimage\",\"url\":\"https:\\\/\\\/pilarhomes.es\\\/wp-content\\\/uploads\\\/2016\\\/02\\\/14.jpg\",\"contentUrl\":\"https:\\\/\\\/pilarhomes.es\\\/wp-content\\\/uploads\\\/2016\\\/02\\\/14.jpg\",\"width\":1600,\"height\":1600},{\"@type\":\"BreadcrumbList\",\"@id\":\"https:\\\/\\\/pilarhomes.es\\\/property\\\/a-window-to-the-sea-and-the-mountains\\\/#breadcrumb\",\"itemListElement\":[{\"@type\":\"ListItem\",\"position\":1,\"name\":\"Home\",\"item\":\"https:\\\/\\\/pilarhomes.es\\\/\"},{\"@type\":\"ListItem\",\"position\":2,\"name\":\"Properties\",\"item\":\"https:\\\/\\\/pilarhomes.es\\\/property\\\/\"},{\"@type\":\"ListItem\",\"position\":3,\"name\":\"Exclusive 4 bedrooms Ibizan style villa in Benalmadena\"}]},{\"@type\":\"WebSite\",\"@id\":\"https:\\\/\\\/pilarhomes.es\\\/#website\",\"url\":\"https:\\\/\\\/pilarhomes.es\\\/\",\"name\":\"Pilar Homes\",\"description\":\"\",\"potentialAction\":[{\"@type\":\"SearchAction\",\"target\":{\"@type\":\"EntryPoint\",\"urlTemplate\":\"https:\\\/\\\/pilarhomes.es\\\/?s={search_term_string}\"},\"query-input\":{\"@type\":\"PropertyValueSpecification\",\"valueRequired\":true,\"valueName\":\"search_term_string\"}}],\"inLanguage\":\"fi\"}]}<\/script>\n<!-- \/ Yoast SEO plugin. -->","yoast_head_json":{"title":"Exclusive 4 bedrooms Ibizan style villa in Benalmadena - Pilar Homes","robots":{"index":"index","follow":"follow","max-snippet":"max-snippet:-1","max-image-preview":"max-image-preview:large","max-video-preview":"max-video-preview:-1"},"canonical":"https:\/\/pilarhomes.es\/fi\/property\/a-window-to-the-sea-and-the-mountains\/","og_locale":"fi_FI","og_type":"article","og_title":"Exclusive 4 bedrooms Ibizan style villa in Benalmadena - Pilar Homes","og_description":"Exclusive 4 bedrooms Ibizan style villa in Benalmadena \u20ac1.050.000 \u00a0 Capellan\u00eda &#8211; El Higuer\u00f3n \u00a0\u00a0\u00a0\u00a0\u00a0 \u00a0\u00a0\u00a0\u00a0\u00a0\u00a0\u00a0Beds 4 Bath 3\u00a0\u00a0\u00a0\u00a0\u00a0\u00a0\u00a0 349m2 built\u00a0\u00a0\u00a0\u00a0\u00a0\u00a0\u00a0 1004m2 plot If you are looking for a unique villa in a natural surroundings and with panoramic views, if the Moroccan art and Ibizan style are your passion and being different is your identity [&hellip;]","og_url":"https:\/\/pilarhomes.es\/fi\/property\/a-window-to-the-sea-and-the-mountains\/","og_site_name":"Pilar Homes","article_modified_time":"2025-08-23T17:37:52+00:00","og_image":[{"width":1600,"height":1600,"url":"https:\/\/pilarhomes.es\/wp-content\/uploads\/2016\/02\/14.jpg","type":"image\/jpeg"}],"twitter_card":"summary_large_image","twitter_misc":{"Arvioitu lukuaika":"2 minuuttia"},"schema":{"@context":"https:\/\/schema.org","@graph":[{"@type":"WebPage","@id":"https:\/\/pilarhomes.es\/property\/a-window-to-the-sea-and-the-mountains\/","url":"https:\/\/pilarhomes.es\/property\/a-window-to-the-sea-and-the-mountains\/","name":"Exclusive 4 bedrooms Ibizan style villa in Benalmadena - Pilar Homes","isPartOf":{"@id":"https:\/\/pilarhomes.es\/#website"},"primaryImageOfPage":{"@id":"https:\/\/pilarhomes.es\/property\/a-window-to-the-sea-and-the-mountains\/#primaryimage"},"image":{"@id":"https:\/\/pilarhomes.es\/property\/a-window-to-the-sea-and-the-mountains\/#primaryimage"},"thumbnailUrl":"https:\/\/pilarhomes.es\/wp-content\/uploads\/2016\/02\/14.jpg","datePublished":"2016-02-03T15:43:26+00:00","dateModified":"2025-08-23T17:37:52+00:00","breadcrumb":{"@id":"https:\/\/pilarhomes.es\/property\/a-window-to-the-sea-and-the-mountains\/#breadcrumb"},"inLanguage":"fi","potentialAction":[{"@type":"ReadAction","target":["https:\/\/pilarhomes.es\/property\/a-window-to-the-sea-and-the-mountains\/"]}]},{"@type":"ImageObject","inLanguage":"fi","@id":"https:\/\/pilarhomes.es\/property\/a-window-to-the-sea-and-the-mountains\/#primaryimage","url":"https:\/\/pilarhomes.es\/wp-content\/uploads\/2016\/02\/14.jpg","contentUrl":"https:\/\/pilarhomes.es\/wp-content\/uploads\/2016\/02\/14.jpg","width":1600,"height":1600},{"@type":"BreadcrumbList","@id":"https:\/\/pilarhomes.es\/property\/a-window-to-the-sea-and-the-mountains\/#breadcrumb","itemListElement":[{"@type":"ListItem","position":1,"name":"Home","item":"https:\/\/pilarhomes.es\/"},{"@type":"ListItem","position":2,"name":"Properties","item":"https:\/\/pilarhomes.es\/property\/"},{"@type":"ListItem","position":3,"name":"Exclusive 4 bedrooms Ibizan style villa in Benalmadena"}]},{"@type":"WebSite","@id":"https:\/\/pilarhomes.es\/#website","url":"https:\/\/pilarhomes.es\/","name":"Pilar Homes","description":"","potentialAction":[{"@type":"SearchAction","target":{"@type":"EntryPoint","urlTemplate":"https:\/\/pilarhomes.es\/?s={search_term_string}"},"query-input":{"@type":"PropertyValueSpecification","valueRequired":true,"valueName":"search_term_string"}}],"inLanguage":"fi"}]}},"_links":{"self":[{"href":"https:\/\/pilarhomes.es\/fi\/wp-json\/wp\/v2\/properties\/112","targetHints":{"allow":["GET"]}}],"collection":[{"href":"https:\/\/pilarhomes.es\/fi\/wp-json\/wp\/v2\/properties"}],"about":[{"href":"https:\/\/pilarhomes.es\/fi\/wp-json\/wp\/v2\/types\/property"}],"author":[{"embeddable":true,"href":"https:\/\/pilarhomes.es\/fi\/wp-json\/wp\/v2\/users\/2"}],"version-history":[{"count":6,"href":"https:\/\/pilarhomes.es\/fi\/wp-json\/wp\/v2\/properties\/112\/revisions"}],"predecessor-version":[{"id":3192,"href":"https:\/\/pilarhomes.es\/fi\/wp-json\/wp\/v2\/properties\/112\/revisions\/3192"}],"wp:featuredmedia":[{"embeddable":true,"href":"https:\/\/pilarhomes.es\/fi\/wp-json\/wp\/v2\/media\/3183"}],"wp:attachment":[{"href":"https:\/\/pilarhomes.es\/fi\/wp-json\/wp\/v2\/media?parent=112"}],"wp:term":[{"taxonomy":"property_type","embeddable":true,"href":"https:\/\/pilarhomes.es\/fi\/wp-json\/wp\/v2\/property_type?post=112"},{"taxonomy":"property_status","embeddable":true,"href":"https:\/\/pilarhomes.es\/fi\/wp-json\/wp\/v2\/property_status?post=112"},{"taxonomy":"property_feature","embeddable":true,"href":"https:\/\/pilarhomes.es\/fi\/wp-json\/wp\/v2\/property_feature?post=112"},{"taxonomy":"property_label","embeddable":true,"href":"https:\/\/pilarhomes.es\/fi\/wp-json\/wp\/v2\/property_label?post=112"},{"taxonomy":"property_country","embeddable":true,"href":"https:\/\/pilarhomes.es\/fi\/wp-json\/wp\/v2\/property_country?post=112"},{"taxonomy":"property_state","embeddable":true,"href":"https:\/\/pilarhomes.es\/fi\/wp-json\/wp\/v2\/property_state?post=112"},{"taxonomy":"property_city","embeddable":true,"href":"https:\/\/pilarhomes.es\/fi\/wp-json\/wp\/v2\/property_city?post=112"},{"taxonomy":"property_area","embeddable":true,"href":"https:\/\/pilarhomes.es\/fi\/wp-json\/wp\/v2\/property_area?post=112"}],"curies":[{"name":"wp","href":"https:\/\/api.w.org\/{rel}","templated":true}]}}